{"id":34136,"date":"2026-09-02T17:43:13","date_gmt":"2026-09-02T15:43:13","guid":{"rendered":"https:\/\/yourealestate.be\/?post_type=property&#038;p=34136"},"modified":"2026-09-02T17:43:13","modified_gmt":"2026-09-02T15:43:13","slug":"appartement-met-2-slaapkamers-in-forest","status":"publish","type":"property","link":"https:\/\/yourealestate.be\/nl\/propriete\/appartement-2-chambres-forest\/","title":{"rendered":"Appartement met 2 slaapkamers \u2013 Forest"},"content":{"rendered":"<p>Op een steenworp afstand van het Bos van Vorst, aan de zeer gewilde Avenue des Villas, prachtig appartement dat in 2026 volledig is gerenoveerd, met een oppervlakte van \u00b1 101 m\u00b2 (EPB), een priv\u00e9tuin van \u00b1 75 m\u00b2 op het noordwesten en twee terrassen (\u00b1 20 m\u00b2). Het appartement is gelegen in een karakteristiek, volledig gerenoveerd gebouw (2026) en combineert charme, comfort en functionaliteit, en dat alles in de directe omgeving van winkels, openbaar vervoer en groene zones. De begane grond bestaat uit een inkomhal, een volledig uitgeruste keuken, een lichte woonkamer met toegang tot de tuin via een trap, een eetkamer, twee slaapkamers (waarvan \u00e9\u00e9n met een doucheruimte en toegang tot het terras), een badkamer met douche en bad, een gang naar de slaapvertrekken, een was- en technische ruimte en een gastentoilet. Buiten bieden de tuin en de terrassen een zonnige en rustige omgeving, wat zeldzaam is in de stad. Een kelder maakt dit pand compleet. Huidige EPC-klasse G, met een prognose voor EPC-klasse D. Lage gemeenschappelijke kosten. Kadastraal inkomen niet beschikbaar. Uitgevoerde werkzaamheden aan het gebouw: gereinigde voorgevel, nieuwe kozijnen, isolatie van het dak en de achtergevel, gemeenschappelijke verwarmingsketel (2008) en isolatie van de kelders. Zeker een bezichtiging waard!<\/p>","protected":false},"excerpt":{"rendered":"<p>\u00c0 deux pas du Parc de Forest, sur la tr\u00e8s pris\u00e9e Avenue des Villas, superbe appartement enti\u00e8rement r\u00e9nov\u00e9 en 2026, offrant \u00b1 101 m\u00b2 (PEB), un jardin privatif de \u00b1 75 m\u00b2 orient\u00e9 Nord-Ouest et deux terrasses (\u00b1 20 m\u00b2). Situ\u00e9 dans un immeuble de caract\u00e8re enti\u00e8rement r\u00e9nov\u00e9 (2026), il allie charme, confort et praticit\u00e9, [&hellip;]<\/p>\n","protected":false},"author":2,"featured_media":34137,"parent":0,"menu_order":0,"template":"","property_type":[79],"property_status":[30],"property_feature":[257,242],"property_label":[],"property_state":[96],"property_city":[323],"property_area":[119],"class_list":["post-34136","property","type-property","status-publish","has-post-thumbnail","hentry","property_type-appartement","property_status-achat-immobilier","property_feature-jardin","property_feature-terrasse","property_state-bruxelles-capitale","property_city-forest","property_area-forest"],"aioseo_notices":[],"aioseo_head":"\n\t\t<!-- All in One SEO Pro 5.0.1.1 - aioseo.com -->\n\t<meta name=\"description\" content=\"Appartement 2 chambres \u2013 Forest : \u00c0 deux pas du Parc de Forest, sur la tr\u00e8s pris\u00e9e Avenue des Villas, superbe appartement enti\u00e8rement r\u00e9nov\u00e9 en 2026, offrant \u00b1 101 m\u00b2 (PEB), un jardin privatif de \u00b1 75 m\u00b2 orient\u00e9 Nord-Ouest et deux terrasses (\u00b1 20 m\u00b2). Situ\u00e9 dans un immeuble de caract\u00e8re enti\u00e8rement r\u00e9nov\u00e9 (2026), il allie charme, confort et praticit\u00e9,\" \/>\n\t<meta name=\"robots\" content=\"max-image-preview:large\" \/>\n\t<meta name=\"author\" content=\"Romain Bourja\"\/>\n\t<meta name=\"google-site-verification\" content=\"xbMcWt2A0-1AM5A_q5T3XhJGNY5K0wVXUY0RSr4Yqwc\" \/>\n\t<link rel=\"canonical\" href=\"https:\/\/yourealestate.be\/nl\/propriete\/appartement-2-chambres-forest\/\" \/>\n\t<meta name=\"generator\" content=\"All in One SEO Pro (AIOSEO) 5.0.1.1\" \/>\n\t\t<meta property=\"og:locale\" content=\"nl_BE\" \/>\n\t\t<meta property=\"og:site_name\" content=\"You Real Estate Agency - Agence immobili\u00e8re \u00e0 Bruxelles\" \/>\n\t\t<meta property=\"og:type\" content=\"article\" \/>\n\t\t<meta property=\"og:title\" content=\"Appartement 2 chambres \u2013 Forest - You Real Estate\" \/>\n\t\t<meta property=\"og:description\" content=\"Appartement 2 chambres \u2013 Forest : \u00c0 deux pas du Parc de Forest, sur la tr\u00e8s pris\u00e9e Avenue des Villas, superbe appartement enti\u00e8rement r\u00e9nov\u00e9 en 2026, offrant \u00b1 101 m\u00b2 (PEB), un jardin privatif de \u00b1 75 m\u00b2 orient\u00e9 Nord-Ouest et deux terrasses (\u00b1 20 m\u00b2). Situ\u00e9 dans un immeuble de caract\u00e8re enti\u00e8rement r\u00e9nov\u00e9 (2026), il allie charme, confort et praticit\u00e9,\" \/>\n\t\t<meta property=\"og:url\" content=\"https:\/\/yourealestate.be\/nl\/propriete\/appartement-2-chambres-forest\/\" \/>\n\t\t<meta property=\"og:image\" content=\"https:\/\/yourealestate.be\/wp-content\/uploads\/2026\/09\/whise-34136-ea95d18d34624675a7a3988a13ad3312.jpg\" \/>\n\t\t<meta property=\"og:image:secure_url\" content=\"https:\/\/yourealestate.be\/wp-content\/uploads\/2026\/09\/whise-34136-ea95d18d34624675a7a3988a13ad3312.jpg\" \/>\n\t\t<meta property=\"og:image:width\" content=\"1600\" \/>\n\t\t<meta property=\"og:image:height\" content=\"1200\" \/>\n\t\t<meta property=\"article:published_time\" content=\"2026-09-02T15:43:13+00:00\" \/>\n\t\t<meta property=\"article:modified_time\" content=\"2026-09-02T15:43:13+00:00\" \/>\n\t\t<meta property=\"article:publisher\" content=\"https:\/\/www.facebook.com\/yourealestateagency\" \/>\n\t\t<meta name=\"twitter:card\" content=\"summary_large_image\" \/>\n\t\t<meta name=\"twitter:title\" content=\"Appartement 2 chambres \u2013 Forest - You Real Estate\" \/>\n\t\t<meta name=\"twitter:description\" content=\"Appartement 2 chambres \u2013 Forest : \u00c0 deux pas du Parc de Forest, sur la tr\u00e8s pris\u00e9e Avenue des Villas, superbe appartement enti\u00e8rement r\u00e9nov\u00e9 en 2026, offrant \u00b1 101 m\u00b2 (PEB), un jardin privatif de \u00b1 75 m\u00b2 orient\u00e9 Nord-Ouest et deux terrasses (\u00b1 20 m\u00b2). Situ\u00e9 dans un immeuble de caract\u00e8re enti\u00e8rement r\u00e9nov\u00e9 (2026), il allie charme, confort et praticit\u00e9,\" \/>\n\t\t<meta name=\"twitter:image\" content=\"https:\/\/yourealestate.be\/wp-content\/uploads\/2026\/09\/whise-34136-ea95d18d34624675a7a3988a13ad3312.jpg\" \/>\n\t\t<script type=\"application\/ld+json\" class=\"aioseo-schema\">\n\t\t\t{\"@context\":\"https:\\\/\\\/schema.org\",\"@graph\":[{\"@type\":\"BreadcrumbList\",\"@id\":\"https:\\\/\\\/yourealestate.be\\\/nl\\\/propriete\\\/appartement-2-chambres-forest\\\/#breadcrumblist\",\"itemListElement\":[{\"@type\":\"ListItem\",\"@id\":\"https:\\\/\\\/yourealestate.be\\\/nl#listItem\",\"position\":1,\"name\":\"Home\",\"item\":\"https:\\\/\\\/yourealestate.be\\\/nl\",\"nextItem\":{\"@type\":\"ListItem\",\"@id\":\"https:\\\/\\\/yourealestate.be\\\/nl\\\/propriete\\\/#listItem\",\"name\":\"Properties\"}},{\"@type\":\"ListItem\",\"@id\":\"https:\\\/\\\/yourealestate.be\\\/nl\\\/propriete\\\/#listItem\",\"position\":2,\"name\":\"Properties\",\"item\":\"https:\\\/\\\/yourealestate.be\\\/nl\\\/propriete\\\/\",\"nextItem\":{\"@type\":\"ListItem\",\"@id\":\"https:\\\/\\\/yourealestate.be\\\/nl\\\/type\\\/appartement\\\/#listItem\",\"name\":\"Appartement\"},\"previousItem\":{\"@type\":\"ListItem\",\"@id\":\"https:\\\/\\\/yourealestate.be\\\/nl#listItem\",\"name\":\"Home\"}},{\"@type\":\"ListItem\",\"@id\":\"https:\\\/\\\/yourealestate.be\\\/nl\\\/type\\\/appartement\\\/#listItem\",\"position\":3,\"name\":\"Appartement\",\"item\":\"https:\\\/\\\/yourealestate.be\\\/nl\\\/type\\\/appartement\\\/\",\"nextItem\":{\"@type\":\"ListItem\",\"@id\":\"https:\\\/\\\/yourealestate.be\\\/nl\\\/propriete\\\/appartement-2-chambres-forest\\\/#listItem\",\"name\":\"Appartement 2 chambres &#8211; Forest\"},\"previousItem\":{\"@type\":\"ListItem\",\"@id\":\"https:\\\/\\\/yourealestate.be\\\/nl\\\/propriete\\\/#listItem\",\"name\":\"Properties\"}},{\"@type\":\"ListItem\",\"@id\":\"https:\\\/\\\/yourealestate.be\\\/nl\\\/propriete\\\/appartement-2-chambres-forest\\\/#listItem\",\"position\":4,\"name\":\"Appartement 2 chambres &#8211; Forest\",\"previousItem\":{\"@type\":\"ListItem\",\"@id\":\"https:\\\/\\\/yourealestate.be\\\/nl\\\/type\\\/appartement\\\/#listItem\",\"name\":\"Appartement\"}}]},{\"@type\":\"Organization\",\"@id\":\"https:\\\/\\\/yourealestate.be\\\/nl\\\/#organization\",\"name\":\"You Real Estate Agency You Real Estate\",\"description\":\"Agence immobili\\u00e8re \\u00e0 Bruxelles\",\"url\":\"https:\\\/\\\/yourealestate.be\\\/nl\\\/\",\"email\":\"info@yourealestate.be\",\"telephone\":\"+3224608386\",\"logo\":{\"@type\":\"ImageObject\",\"url\":\"https:\\\/\\\/yourealestate.be\\\/wp-content\\\/uploads\\\/2024\\\/12\\\/You-Logo-Color-DEF_Green_More-Space-3000px-scaled.jpg\",\"@id\":\"https:\\\/\\\/yourealestate.be\\\/nl\\\/propriete\\\/appartement-2-chambres-forest\\\/#organizationLogo\"},\"image\":{\"@id\":\"https:\\\/\\\/yourealestate.be\\\/nl\\\/propriete\\\/appartement-2-chambres-forest\\\/#organizationLogo\"},\"sameAs\":[\"https:\\\/\\\/www.facebook.com\\\/yourealestateagency\",\"https:\\\/\\\/www.instagram.com\\\/you_real_estate\",\"https:\\\/\\\/www.linkedin.com\\\/company\\\/you-real-estate\"],\"address\":{\"@id\":\"https:\\\/\\\/yourealestate.be\\\/nl\\\/#postaladdress\",\"@type\":\"PostalAddress\",\"streetAddress\":\"Rue du Bailli 11\",\"postalCode\":\"1000\",\"addressLocality\":\"Bruxelles\",\"addressCountry\":\"BE\"}},{\"@type\":\"Person\",\"@id\":\"https:\\\/\\\/yourealestate.be\\\/nl\\\/author\\\/romain\\\/#author\",\"url\":\"https:\\\/\\\/yourealestate.be\\\/nl\\\/author\\\/romain\\\/\",\"name\":\"Romain Bourja\"},{\"@type\":\"WebPage\",\"@id\":\"https:\\\/\\\/yourealestate.be\\\/nl\\\/propriete\\\/appartement-2-chambres-forest\\\/#webpage\",\"url\":\"https:\\\/\\\/yourealestate.be\\\/nl\\\/propriete\\\/appartement-2-chambres-forest\\\/\",\"name\":\"Appartement 2 chambres \\u2013 Forest - You Real Estate\",\"description\":\"Appartement 2 chambres \\u2013 Forest : \\u00c0 deux pas du Parc de Forest, sur la tr\\u00e8s pris\\u00e9e Avenue des Villas, superbe appartement enti\\u00e8rement r\\u00e9nov\\u00e9 en 2026, offrant \\u00b1 101 m\\u00b2 (PEB), un jardin privatif de \\u00b1 75 m\\u00b2 orient\\u00e9 Nord-Ouest et deux terrasses (\\u00b1 20 m\\u00b2). Situ\\u00e9 dans un immeuble de caract\\u00e8re enti\\u00e8rement r\\u00e9nov\\u00e9 (2026), il allie charme, confort et praticit\\u00e9,\",\"inLanguage\":\"nl-BE\",\"isPartOf\":{\"@id\":\"https:\\\/\\\/yourealestate.be\\\/nl\\\/#website\"},\"breadcrumb\":{\"@id\":\"https:\\\/\\\/yourealestate.be\\\/nl\\\/propriete\\\/appartement-2-chambres-forest\\\/#breadcrumblist\"},\"author\":{\"@id\":\"https:\\\/\\\/yourealestate.be\\\/nl\\\/author\\\/romain\\\/#author\"},\"creator\":{\"@id\":\"https:\\\/\\\/yourealestate.be\\\/nl\\\/author\\\/romain\\\/#author\"},\"image\":{\"@type\":\"ImageObject\",\"url\":\"https:\\\/\\\/yourealestate.be\\\/wp-content\\\/uploads\\\/2026\\\/09\\\/whise-34136-ea95d18d34624675a7a3988a13ad3312.jpg\",\"@id\":\"https:\\\/\\\/yourealestate.be\\\/nl\\\/propriete\\\/appartement-2-chambres-forest\\\/#mainImage\",\"width\":1600,\"height\":1200,\"caption\":\"Jardin priv\\u00e9 avec pelouse, terrasse et fa\\u00e7ade moderne en c\\u0153ur de ville.\"},\"primaryImageOfPage\":{\"@id\":\"https:\\\/\\\/yourealestate.be\\\/nl\\\/propriete\\\/appartement-2-chambres-forest\\\/#mainImage\"},\"datePublished\":\"2026-09-02T17:43:13+02:00\",\"dateModified\":\"2026-09-02T17:43:13+02:00\"},{\"@type\":\"WebSite\",\"@id\":\"https:\\\/\\\/yourealestate.be\\\/nl\\\/#website\",\"url\":\"https:\\\/\\\/yourealestate.be\\\/nl\\\/\",\"name\":\"You Real Estate Agency\",\"description\":\"Agence immobili\\u00e8re \\u00e0 Bruxelles\",\"inLanguage\":\"nl-BE\",\"publisher\":{\"@id\":\"https:\\\/\\\/yourealestate.be\\\/nl\\\/#organization\"}}]}\n\t\t<\/script>\n\t\t<!-- All in One SEO Pro -->\r\n\t\t<title>Appartement 2 chambres \u2013 Forest - You Real Estate<\/title>\n\n","aioseo_head_json":{"title":"Appartement met 2 slaapkamers \u2013 Forest - You Real Estate","description":"Appartement met 2 slaapkamers \u2013 Vorst: Op een steenworp afstand van het Park van Vorst, aan de zeer gewilde Avenue des Villas, prachtig appartement dat in 2026 volledig is gerenoveerd, met een oppervlakte van \u00b1 101 m\u00b2 (EPB), een priv\u00e9tuin van \u00b1 75 m\u00b2 op het noordwesten en twee terrassen (\u00b1 20 m\u00b2). Gelegen in een karakteristiek, volledig gerenoveerd gebouw (2026), combineert het charme, comfort en functionaliteit,","canonical_url":"https:\/\/yourealestate.be\/nl\/propriete\/appartement-2-chambres-forest\/","robots":"max-image-preview:large","keywords":"","webmasterTools":{"google-site-verification":"xbMcWt2A0-1AM5A_q5T3XhJGNY5K0wVXUY0RSr4Yqwc","miscellaneous":""},"schema":{"@context":"https:\/\/schema.org","@graph":[{"@type":"BreadcrumbList","@id":"https:\/\/yourealestate.be\/nl\/propriete\/appartement-2-chambres-forest\/#breadcrumblist","itemListElement":[{"@type":"ListItem","@id":"https:\/\/yourealestate.be\/nl#listItem","position":1,"name":"Home","item":"https:\/\/yourealestate.be\/nl","nextItem":{"@type":"ListItem","@id":"https:\/\/yourealestate.be\/nl\/propriete\/#listItem","name":"Properties"}},{"@type":"ListItem","@id":"https:\/\/yourealestate.be\/nl\/propriete\/#listItem","position":2,"name":"Properties","item":"https:\/\/yourealestate.be\/nl\/propriete\/","nextItem":{"@type":"ListItem","@id":"https:\/\/yourealestate.be\/nl\/type\/appartement\/#listItem","name":"Appartement"},"previousItem":{"@type":"ListItem","@id":"https:\/\/yourealestate.be\/nl#listItem","name":"Home"}},{"@type":"ListItem","@id":"https:\/\/yourealestate.be\/nl\/type\/appartement\/#listItem","position":3,"name":"Appartement","item":"https:\/\/yourealestate.be\/nl\/type\/appartement\/","nextItem":{"@type":"ListItem","@id":"https:\/\/yourealestate.be\/nl\/propriete\/appartement-2-chambres-forest\/#listItem","name":"Appartement 2 chambres &#8211; Forest"},"previousItem":{"@type":"ListItem","@id":"https:\/\/yourealestate.be\/nl\/propriete\/#listItem","name":"Properties"}},{"@type":"ListItem","@id":"https:\/\/yourealestate.be\/nl\/propriete\/appartement-2-chambres-forest\/#listItem","position":4,"name":"Appartement 2 chambres &#8211; Forest","previousItem":{"@type":"ListItem","@id":"https:\/\/yourealestate.be\/nl\/type\/appartement\/#listItem","name":"Appartement"}}]},{"@type":"Organization","@id":"https:\/\/yourealestate.be\/nl\/#organization","name":"You Real Estate Agency You Real Estate","description":"Agence immobili\u00e8re \u00e0 Bruxelles","url":"https:\/\/yourealestate.be\/nl\/","email":"info@yourealestate.be","telephone":"+3224608386","logo":{"@type":"ImageObject","url":"https:\/\/yourealestate.be\/wp-content\/uploads\/2024\/12\/You-Logo-Color-DEF_Green_More-Space-3000px-scaled.jpg","@id":"https:\/\/yourealestate.be\/nl\/propriete\/appartement-2-chambres-forest\/#organizationLogo"},"image":{"@id":"https:\/\/yourealestate.be\/nl\/propriete\/appartement-2-chambres-forest\/#organizationLogo"},"sameAs":["https:\/\/www.facebook.com\/yourealestateagency","https:\/\/www.instagram.com\/you_real_estate","https:\/\/www.linkedin.com\/company\/you-real-estate"],"address":{"@id":"https:\/\/yourealestate.be\/nl\/#postaladdress","@type":"PostalAddress","streetAddress":"Rue du Bailli 11","postalCode":"1000","addressLocality":"Bruxelles","addressCountry":"BE"}},{"@type":"Person","@id":"https:\/\/yourealestate.be\/nl\/author\/romain\/#author","url":"https:\/\/yourealestate.be\/nl\/author\/romain\/","name":"Romain Bourja"},{"@type":"WebPage","@id":"https:\/\/yourealestate.be\/nl\/propriete\/appartement-2-chambres-forest\/#webpage","url":"https:\/\/yourealestate.be\/nl\/propriete\/appartement-2-chambres-forest\/","name":"Appartement 2 chambres \u2013 Forest - You Real Estate","description":"Appartement 2 chambres \u2013 Forest : \u00c0 deux pas du Parc de Forest, sur la tr\u00e8s pris\u00e9e Avenue des Villas, superbe appartement enti\u00e8rement r\u00e9nov\u00e9 en 2026, offrant \u00b1 101 m\u00b2 (PEB), un jardin privatif de \u00b1 75 m\u00b2 orient\u00e9 Nord-Ouest et deux terrasses (\u00b1 20 m\u00b2). Situ\u00e9 dans un immeuble de caract\u00e8re enti\u00e8rement r\u00e9nov\u00e9 (2026), il allie charme, confort et praticit\u00e9,","inLanguage":"nl-BE","isPartOf":{"@id":"https:\/\/yourealestate.be\/nl\/#website"},"breadcrumb":{"@id":"https:\/\/yourealestate.be\/nl\/propriete\/appartement-2-chambres-forest\/#breadcrumblist"},"author":{"@id":"https:\/\/yourealestate.be\/nl\/author\/romain\/#author"},"creator":{"@id":"https:\/\/yourealestate.be\/nl\/author\/romain\/#author"},"image":{"@type":"ImageObject","url":"https:\/\/yourealestate.be\/wp-content\/uploads\/2026\/09\/whise-34136-ea95d18d34624675a7a3988a13ad3312.jpg","@id":"https:\/\/yourealestate.be\/nl\/propriete\/appartement-2-chambres-forest\/#mainImage","width":1600,"height":1200,"caption":"Jardin priv\u00e9 avec pelouse, terrasse et fa\u00e7ade moderne en c\u0153ur de ville."},"primaryImageOfPage":{"@id":"https:\/\/yourealestate.be\/nl\/propriete\/appartement-2-chambres-forest\/#mainImage"},"datePublished":"2026-09-02T17:43:13+02:00","dateModified":"2026-09-02T17:43:13+02:00"},{"@type":"WebSite","@id":"https:\/\/yourealestate.be\/nl\/#website","url":"https:\/\/yourealestate.be\/nl\/","name":"You Real Estate Agency","description":"Agence immobili\u00e8re \u00e0 Bruxelles","inLanguage":"nl-BE","publisher":{"@id":"https:\/\/yourealestate.be\/nl\/#organization"}}]},"og:locale":"nl_BE","og:site_name":"You Real Estate Agency - Agence immobili\u00e8re \u00e0 Bruxelles","og:type":"article","og:title":"Appartement 2 chambres \u2013 Forest - You Real Estate","og:description":"Appartement 2 chambres \u2013 Forest : \u00c0 deux pas du Parc de Forest, sur la tr\u00e8s pris\u00e9e Avenue des Villas, superbe appartement enti\u00e8rement r\u00e9nov\u00e9 en 2026, offrant \u00b1 101 m\u00b2 (PEB), un jardin privatif de \u00b1 75 m\u00b2 orient\u00e9 Nord-Ouest et deux terrasses (\u00b1 20 m\u00b2). Situ\u00e9 dans un immeuble de caract\u00e8re enti\u00e8rement r\u00e9nov\u00e9 (2026), il allie charme, confort et praticit\u00e9,","og:url":"https:\/\/yourealestate.be\/nl\/propriete\/appartement-2-chambres-forest\/","og:image":"https:\/\/yourealestate.be\/wp-content\/uploads\/2026\/09\/whise-34136-ea95d18d34624675a7a3988a13ad3312.jpg","og:image:secure_url":"https:\/\/yourealestate.be\/wp-content\/uploads\/2026\/09\/whise-34136-ea95d18d34624675a7a3988a13ad3312.jpg","og:image:width":1600,"og:image:height":1200,"article:published_time":"2026-09-02T15:43:13+00:00","article:modified_time":"2026-09-02T15:43:13+00:00","article:publisher":"https:\/\/www.facebook.com\/yourealestateagency","twitter:card":"summary_large_image","twitter:title":"Appartement 2 chambres \u2013 Forest - You Real Estate","twitter:description":"Appartement 2 chambres \u2013 Forest : \u00c0 deux pas du Parc de Forest, sur la tr\u00e8s pris\u00e9e Avenue des Villas, superbe appartement enti\u00e8rement r\u00e9nov\u00e9 en 2026, offrant \u00b1 101 m\u00b2 (PEB), un jardin privatif de \u00b1 75 m\u00b2 orient\u00e9 Nord-Ouest et deux terrasses (\u00b1 20 m\u00b2). Situ\u00e9 dans un immeuble de caract\u00e8re enti\u00e8rement r\u00e9nov\u00e9 (2026), il allie charme, confort et praticit\u00e9,","twitter:image":"https:\/\/yourealestate.be\/wp-content\/uploads\/2026\/09\/whise-34136-ea95d18d34624675a7a3988a13ad3312.jpg"},"aioseo_meta_data":{"post_id":"34136","title":null,"description":null,"keywords":null,"keyphrases":{"focus":{"keyphrase":"","score":0,"analysis":{"keyphraseInTitle":{"score":0,"maxScore":9,"error":1}}},"additional":[]},"primary_term":null,"canonical_url":null,"og_title":null,"og_description":null,"og_object_type":"default","og_image_type":"default","og_image_url":null,"og_image_width":null,"og_image_height":null,"og_image_custom_url":null,"og_image_custom_fields":null,"og_video":"","og_custom_url":null,"og_article_section":null,"og_article_tags":null,"twitter_use_og":false,"twitter_card":"default","twitter_image_type":"default","twitter_image_url":null,"twitter_image_custom_url":null,"twitter_image_custom_fields":null,"twitter_title":null,"twitter_description":null,"schema":{"blockGraphs":[],"customGraphs":[],"default":{"data":{"Article":[],"Course":[],"Dataset":[],"FAQPage":[],"Movie":[],"Person":[],"Product":[],"ProductReview":[],"Car":[],"Recipe":[],"Service":[],"SoftwareApplication":[],"WebPage":[]},"graphName":"WebPage","isEnabled":true},"graphs":[]},"schema_type":"default","schema_type_options":null,"pillar_content":false,"robots_default":true,"robots_noindex":false,"robots_noarchive":false,"robots_nosnippet":false,"robots_nofollow":false,"robots_noimageindex":false,"robots_noodp":false,"robots_notranslate":false,"robots_max_snippet":"-1","robots_max_videopreview":"-1","robots_max_imagepreview":"large","priority":null,"frequency":"default","local_seo":null,"seo_analyzer_scan_date":"2026-09-02 15:44:04","breadcrumb_settings":null,"limit_modified_date":false,"reviewed_by":null,"open_ai":null,"ai":{"faqs":[],"keyPoints":[],"schemas":[],"titles":[],"descriptions":[],"socialPosts":{"email":{"subject":"","preview":"","content":""},"linkedin":[],"twitter":[],"facebook":[],"instagram":[]}},"created":"2026-09-02 15:33:25","updated":"2026-09-02 16:03:56","focus_keyword":null,"additional_keywords":null,"truseo_locale":null},"aioseo_breadcrumb":"<div class=\"aioseo-breadcrumbs\"><span class=\"aioseo-breadcrumb\">\n\t<a href=\"https:\/\/yourealestate.be\/nl\" title=\"Home\">Home<\/a>\n<\/span><span class=\"aioseo-breadcrumb-separator\">&raquo;<\/span><span class=\"aioseo-breadcrumb\">\n\t<a href=\"https:\/\/yourealestate.be\/nl\/propriete\/\" title=\"Properties\">Properties<\/a>\n<\/span><span class=\"aioseo-breadcrumb-separator\">&raquo;<\/span><span class=\"aioseo-breadcrumb\">\n\t<a href=\"https:\/\/yourealestate.be\/nl\/type\/appartement\/\" title=\"Appartement\">Appartement<\/a>\n<\/span><span class=\"aioseo-breadcrumb-separator\">&raquo;<\/span><span class=\"aioseo-breadcrumb\">\n\tAppartement 2 chambres \u2013 Forest\n<\/span><\/div>","aioseo_breadcrumb_json":[{"label":"Home","link":"https:\/\/yourealestate.be\/nl"},{"label":"Properties","link":"https:\/\/yourealestate.be\/nl\/propriete\/"},{"label":"Appartement","link":"https:\/\/yourealestate.be\/nl\/type\/appartement\/"},{"label":"Appartement 2 chambres &#8211; Forest","link":"https:\/\/yourealestate.be\/nl\/propriete\/appartement-2-chambres-forest\/"}],"property_meta":{"_yre_whise_id":["7846687"],"_yre_whise_reference":["7674748"],"fave_property_address":["Avenue des villas 69"],"fave_property_zip":["1190"],"fave_property_location":["50.8241246,4.3398456,15"],"houzez_geolocation_lat":["50.8241246"],"houzez_geolocation_long":["4.3398456"],"fave_property_map_address":["69, Avenue des Villas - Villalaan, Albert, Forest - Vorst, Brussel-Hoofdstad - Bruxelles-Capitale, R\u00e9gion de Bruxelles-Capitale - Brussels Hoofdstedelijk Gewest, 1190, Belgi\u00eb \/ Belgique \/ Belgien"],"fave_property_map":["1"],"fave_property_price":["550000"],"fave_property_size":["101"],"fave_property_size_prefix":["m\u00b2"],"fave_property_bedrooms":["2"],"fave_property_bathrooms":["2"],"fave_energy_class":["D"],"fave_energy_class_value":["200"],"fave_energy_global_index":["55"],"_yre_whise_imported_at":["2026-09-02 17:33:26"],"_yre_whise_data_snapshot":["{\"id\":7846687,\"address\":\"Avenue des villas\",\"area\":101,\"bathRooms\":2,\"city\":\"Forest\",\"client\":\"You Real Estate Srl\",\"clientId\":4663,\"comments\":\"Cl\\u00e9 53 \\nR\\u00e9nov\\u00e9 en 2025 - 2026 - Facade sabl\\u00e9 + nouveaux chassis - nouveau toit \\nAppart RDCHZ - 2 Ch - jardin (75m\\u00b2) + terrasse (20m\\u00b2) \\nPEB D (provisoire) confirmer par certificateur - Surface 105m\\u00b2 - NETTE +\\\/- 80 m\\u00b2\\nRC . charges pas encore re\\u00e7u (attente acte de base) \\n4 unit\\u00e9s dans l'immeuble - tous vendus \\nCave sous s\\u00e9jour + Cave au -1 \\nChaudi\\u00e8re  commun 2008 \\nBoiler chauffe eau\\nProprio est d'accord d'installer un volet cote rue avant!\\nProprio fera:  Isolation des caves pour le RDCHZ, Citerne sera enlever, escalier vers jardin faite; semer la pelouse; refaire terrasses ; finir les finitions \",\"createDateTime\":\"2026-08-31T12:19:59.733\",\"currency\":\"\\u20ac\",\"displayAddress\":true,\"displayPrice\":true,\"displayStatusId\":2,\"energyClass\":\"D\",\"energyValue\":\"200\",\"floor\":\"0\",\"fronts\":2,\"furnished\":0,\"garage\":0,\"garden\":1,\"gardenArea\":75,\"linkRouteDesc\":true,\"longDescription\":[{\"languageId\":\"fr-BE\",\"content\":\"\\u00c0 deux pas du Parc de Forest, sur la tr\\u00e8s pris\\u00e9e Avenue des Villas, superbe appartement enti\\u00e8rement r\\u00e9nov\\u00e9 en 2026, offrant \\u00b1 101 m\\u00b2 (PEB), un jardin privatif de \\u00b1 75 m\\u00b2 orient\\u00e9 Nord-Ouest et deux terrasses (\\u00b1 20 m\\u00b2). Situ\\u00e9 dans un immeuble de caract\\u00e8re enti\\u00e8rement r\\u00e9nov\\u00e9 (2026), il allie charme, confort et praticit\\u00e9, le tout \\u00e0 proximit\\u00e9 imm\\u00e9diate des commerces, transports et espaces verts. Le rez-de-chauss\\u00e9e se compose d\\u2019un hall d\\u2019entr\\u00e9e, d\\u2019une cuisine hyper \\u00e9quip\\u00e9e, d\\u2019un lumineux salon avec acc\\u00e8s au jardin via un escalier, d\\u2019une salle \\u00e0 manger, de deux chambres (dont une avec salle de douche et acc\\u00e8s terrasse), d\\u2019une salle de bains avec douche et baignoire, d\\u2019un hall de nuit, d\\u2019un local buanderie\\\/technique et d\\u2019une toilette invit\\u00e9s. \\u00c0 l\\u2019ext\\u00e9rieur, le jardin et les terrasses offrent un cadre ensoleill\\u00e9 et paisible, rare en ville. Une cave compl\\u00e8te ce bien. PEB actuel G, avec une projection vers un PEB D. Faibles charges. Revenu cadastral non disponible. Travaux r\\u00e9alis\\u00e9s dans l\\u2019immeuble : fa\\u00e7ade avant nettoy\\u00e9e, nouveaux ch\\u00e2ssis, isolation de la toiture et de la fa\\u00e7ade arri\\u00e8re, chaudi\\u00e8re commune (2008) et isolation des caves. \\u00c0 visiter sans tarder !\"}],\"maxArea\":101,\"minArea\":101,\"name\":\"Av des Villas 69\",\"number\":\"69\",\"office\":\"You Real Estate \",\"officeId\":6638,\"parking\":0,\"price\":550000,\"priceChangeDateTime\":\"2026-03-22T12:02:51.157\",\"putOnlineDateTime\":\"2026-09-02T17:30:39.503\",\"referenceNumber\":\"7674748\",\"rooms\":2,\"shortDescription\":[{\"languageId\":\"fr-BE\",\"content\":\"\\u00c0 deux pas du Parc de Forest, sur la tr\\u00e8s pris\\u00e9e Avenue des Villas, superbe appartement enti\\u00e8rement r\\u00e9nov\\u00e9 en 2026, offrant \\u00b1 101 m\\u00b2 (PEB), un jardin privatif de \\u00b1 75 m\\u00b2 orient\\u00e9 Nord-Ouest et deux terrasses (\\u00b1 20 m\\u00b2). Situ\\u00e9 dans un immeuble de caract\\u00e8re enti\\u00e8rement r\\u00e9nov\\u00e9 (2026), il allie charme, confort et praticit\\u00e9, le tout \\u00e0 proximit\\u00e9 imm\\u00e9diate des commerces, transports et espaces verts. Le rez-de-chauss\\u00e9e se compose d\\u2019un hall d\\u2019entr\\u00e9e, d\\u2019une cuisine hyper \\u00e9quip\\u00e9e, d\\u2019un lumineux salon avec acc\\u00e8s au jardin via un escalier, d\\u2019une salle \\u00e0 manger, de deux chambres (dont une avec salle de douche et acc\\u00e8s terrasse), d\\u2019une salle de bains avec douche et baignoire, d\\u2019un hall de nuit, d\\u2019un local buanderie\\\/technique et d\\u2019une toilette invit\\u00e9s. \\u00c0 l\\u2019ext\\u00e9rieur, le jardin et les terrasses offrent un cadre ensoleill\\u00e9 et paisible, rare en ville. Une cave compl\\u00e8te ce bien. PEB actuel G, avec une projection vers un PEB D. Faibles charges. Revenu cadastral non disponible. Travaux r\\u00e9alis\\u00e9s dans l\\u2019immeuble : fa\\u00e7ade avant nettoy\\u00e9e, nouveaux ch\\u00e2ssis, isolation de la toiture et de la fa\\u00e7ade arri\\u00e8re, chaudi\\u00e8re commune (2008) et isolation des caves. \\u00c0 visiter sans tarder !\"}],\"sms\":[{\"languageId\":\"fr-BE\",\"content\":\"\\u00c0 deux pas du Parc de Forest, sur la tr\\u00e8s pris\\u00e9e Avenue des Villas, superbe appartement enti\\u00e8rement r\\u00e9nov\\u00e9 en 2026, offrant \\u00b1 101 m\\u00b2 (PEB), un jardin privatif de \\u00b1 75 m\\u00b2 orient\\u00e9 Nord-Ouest et deux terrasses (\\u00b1 20 m\\u00b2). Situ\\u00e9 dans un immeuble de caract\\u00e8re enti\\u00e8rement r\\u00e9nov\\u00e9 (2026), il allie charme, confort et praticit\\u00e9, le tout \\u00e0 proximit\\u00e9 imm\\u00e9diate des commerces, transports et espaces verts. Le rez-de-chauss\\u00e9e se compose d\\u2019un hall d\\u2019entr\\u00e9e, d\\u2019une cuisine hyper \\u00e9quip\\u00e9e, d\\u2019un lumineux salon avec acc\\u00e8s au jardin via un escalier, d\\u2019une salle \\u00e0 manger, de deux chambres (dont une avec salle de douche et acc\\u00e8s terrasse), d\\u2019une salle de bains avec douche et baignoire, d\\u2019un hall de nuit, d\\u2019un local buanderie\\\/technique et d\\u2019une toilette invit\\u00e9s. \\u00c0 l\\u2019ext\\u00e9rieur, le jardin et les terrasses offrent un cadre ensoleill\\u00e9 et paisible, rare en ville. Une cave compl\\u00e8te ce bien. PEB actuel G, avec une projection vers un PEB D. Faibles charges. Revenu cadastral non disponible. Travaux r\\u00e9alis\\u00e9s dans l\\u2019immeuble : fa\\u00e7ade avant nettoy\\u00e9e, nouveaux ch\\u00e2ssis, isolation de la toiture et de la fa\\u00e7ade arri\\u00e8re, chaudi\\u00e8re commune (2008) et isolation des caves. \\u00c0 visiter sans tarder !\"}],\"terrace\":1,\"updateDateTime\":\"2026-09-02T17:30:39.503\",\"zip\":\"1190\",\"category\":{\"id\":2},\"subCategory\":{\"id\":25},\"country\":{\"id\":1},\"status\":{\"id\":1},\"availability\":{\"id\":5},\"purpose\":{\"id\":1},\"purposeStatus\":{\"id\":1},\"state\":{\"id\":1},\"pictures\":[{\"id\":80175648,\"order\":19,\"orientation\":\"Landscape\",\"urlLarge\":\"https:\\\/\\\/r2.storagewhise.eu\\\/storage4663\\\/Pictures\\\/7846687\\\/640\\\/ea95d18d34624675a7a3988a13ad3312.jpg\",\"urlSmall\":\"https:\\\/\\\/r2.storagewhise.eu\\\/storage4663\\\/Pictures\\\/7846687\\\/200\\\/ea95d18d34624675a7a3988a13ad3312.jpg\",\"urlXXL\":\"https:\\\/\\\/r2.storagewhise.eu\\\/storage4663\\\/Pictures\\\/7846687\\\/1600\\\/ea95d18d34624675a7a3988a13ad3312.jpg\",\"updateDateTime\":\"2026-09-02T17:01:34.783\"},{\"id\":80175649,\"order\":20,\"orientation\":\"Landscape\",\"urlLarge\":\"https:\\\/\\\/r2.storagewhise.eu\\\/storage4663\\\/Pictures\\\/7846687\\\/640\\\/2ff31aa6a5794756973d91f3b82553db.jpg\",\"urlSmall\":\"https:\\\/\\\/r2.storagewhise.eu\\\/storage4663\\\/Pictures\\\/7846687\\\/200\\\/2ff31aa6a5794756973d91f3b82553db.jpg\",\"urlXXL\":\"https:\\\/\\\/r2.storagewhise.eu\\\/storage4663\\\/Pictures\\\/7846687\\\/1600\\\/2ff31aa6a5794756973d91f3b82553db.jpg\",\"updateDateTime\":\"2026-09-02T17:01:34.783\"},{\"id\":80175643,\"order\":21,\"orientation\":\"Landscape\",\"urlLarge\":\"https:\\\/\\\/r2.storagewhise.eu\\\/storage4663\\\/Pictures\\\/7846687\\\/640\\\/8103033732f4403c9a783e4574eaa834.jpg\",\"urlSmall\":\"https:\\\/\\\/r2.storagewhise.eu\\\/storage4663\\\/Pictures\\\/7846687\\\/200\\\/8103033732f4403c9a783e4574eaa834.jpg\",\"urlXXL\":\"https:\\\/\\\/r2.storagewhise.eu\\\/storage4663\\\/Pictures\\\/7846687\\\/1600\\\/8103033732f4403c9a783e4574eaa834.jpg\",\"updateDateTime\":\"2026-09-02T17:01:34.783\"},{\"id\":80175645,\"order\":21,\"orientation\":\"Landscape\",\"urlLarge\":\"https:\\\/\\\/r2.storagewhise.eu\\\/storage4663\\\/Pictures\\\/7846687\\\/640\\\/009954706e4e498bbb916a736cb258cb.jpg\",\"urlSmall\":\"https:\\\/\\\/r2.storagewhise.eu\\\/storage4663\\\/Pictures\\\/7846687\\\/200\\\/009954706e4e498bbb916a736cb258cb.jpg\",\"urlXXL\":\"https:\\\/\\\/r2.storagewhise.eu\\\/storage4663\\\/Pictures\\\/7846687\\\/1600\\\/009954706e4e498bbb916a736cb258cb.jpg\",\"updateDateTime\":\"2026-08-31T12:36:59.93\"},{\"id\":80175650,\"order\":23,\"orientation\":\"Landscape\",\"urlLarge\":\"https:\\\/\\\/r2.storagewhise.eu\\\/storage4663\\\/Pictures\\\/7846687\\\/640\\\/29618dbf2d4541de83e1ed5c2b9c7f1b.jpg\",\"urlSmall\":\"https:\\\/\\\/r2.storagewhise.eu\\\/storage4663\\\/Pictures\\\/7846687\\\/200\\\/29618dbf2d4541de83e1ed5c2b9c7f1b.jpg\",\"urlXXL\":\"https:\\\/\\\/r2.storagewhise.eu\\\/storage4663\\\/Pictures\\\/7846687\\\/1600\\\/29618dbf2d4541de83e1ed5c2b9c7f1b.jpg\",\"updateDateTime\":\"2026-09-02T17:01:34.783\"},{\"id\":80175651,\"order\":24,\"orientation\":\"Landscape\",\"urlLarge\":\"https:\\\/\\\/r2.storagewhise.eu\\\/storage4663\\\/Pictures\\\/7846687\\\/640\\\/9d9ab9c393034e62acef2f09a373895f.jpg\",\"urlSmall\":\"https:\\\/\\\/r2.storagewhise.eu\\\/storage4663\\\/Pictures\\\/7846687\\\/200\\\/9d9ab9c393034e62acef2f09a373895f.jpg\",\"urlXXL\":\"https:\\\/\\\/r2.storagewhise.eu\\\/storage4663\\\/Pictures\\\/7846687\\\/1600\\\/9d9ab9c393034e62acef2f09a373895f.jpg\",\"updateDateTime\":\"2026-09-02T17:01:34.783\"},{\"id\":80175652,\"order\":25,\"orientation\":\"Landscape\",\"urlLarge\":\"https:\\\/\\\/r2.storagewhise.eu\\\/storage4663\\\/Pictures\\\/7846687\\\/640\\\/10e1ebcb8c2345ba86df88e6b3ec8449.jpg\",\"urlSmall\":\"https:\\\/\\\/r2.storagewhise.eu\\\/storage4663\\\/Pictures\\\/7846687\\\/200\\\/10e1ebcb8c2345ba86df88e6b3ec8449.jpg\",\"urlXXL\":\"https:\\\/\\\/r2.storagewhise.eu\\\/storage4663\\\/Pictures\\\/7846687\\\/1600\\\/10e1ebcb8c2345ba86df88e6b3ec8449.jpg\",\"updateDateTime\":\"2026-09-02T17:01:34.783\"},{\"id\":80174487,\"order\":26,\"orientation\":\"Landscape\",\"urlLarge\":\"https:\\\/\\\/r2.storagewhise.eu\\\/storage4663\\\/Pictures\\\/7846687\\\/640\\\/90730a9e8885426fbfb3af24ddc99085.jpg\",\"urlSmall\":\"https:\\\/\\\/r2.storagewhise.eu\\\/storage4663\\\/Pictures\\\/7846687\\\/200\\\/90730a9e8885426fbfb3af24ddc99085.jpg\",\"urlXXL\":\"https:\\\/\\\/r2.storagewhise.eu\\\/storage4663\\\/Pictures\\\/7846687\\\/1600\\\/90730a9e8885426fbfb3af24ddc99085.jpg\",\"updateDateTime\":\"2026-09-02T17:02:49.477\"},{\"id\":80174488,\"order\":27,\"orientation\":\"Landscape\",\"urlLarge\":\"https:\\\/\\\/r2.storagewhise.eu\\\/storage4663\\\/Pictures\\\/7846687\\\/640\\\/e4c6481d2e9643d089663bbc3463c7bd.jpg\",\"urlSmall\":\"https:\\\/\\\/r2.storagewhise.eu\\\/storage4663\\\/Pictures\\\/7846687\\\/200\\\/e4c6481d2e9643d089663bbc3463c7bd.jpg\",\"urlXXL\":\"https:\\\/\\\/r2.storagewhise.eu\\\/storage4663\\\/Pictures\\\/7846687\\\/1600\\\/e4c6481d2e9643d089663bbc3463c7bd.jpg\",\"updateDateTime\":\"2026-09-02T17:01:34.783\"},{\"id\":80175680,\"order\":28,\"orientation\":\"Landscape\",\"urlLarge\":\"https:\\\/\\\/r2.storagewhise.eu\\\/storage4663\\\/Pictures\\\/7846687\\\/640\\\/cf73c351dd154734aa503a6ecb066c83.jpg\",\"urlSmall\":\"https:\\\/\\\/r2.storagewhise.eu\\\/storage4663\\\/Pictures\\\/7846687\\\/200\\\/cf73c351dd154734aa503a6ecb066c83.jpg\",\"urlXXL\":\"https:\\\/\\\/r2.storagewhise.eu\\\/storage4663\\\/Pictures\\\/7846687\\\/1600\\\/cf73c351dd154734aa503a6ecb066c83.jpg\",\"updateDateTime\":\"2026-09-02T17:01:34.783\"},{\"id\":80175678,\"order\":29,\"orientation\":\"Landscape\",\"urlLarge\":\"https:\\\/\\\/r2.storagewhise.eu\\\/storage4663\\\/Pictures\\\/7846687\\\/640\\\/4b76cdff6b94487f99263ecd83ce88bb.jpg\",\"urlSmall\":\"https:\\\/\\\/r2.storagewhise.eu\\\/storage4663\\\/Pictures\\\/7846687\\\/200\\\/4b76cdff6b94487f99263ecd83ce88bb.jpg\",\"urlXXL\":\"https:\\\/\\\/r2.storagewhise.eu\\\/storage4663\\\/Pictures\\\/7846687\\\/1600\\\/4b76cdff6b94487f99263ecd83ce88bb.jpg\",\"updateDateTime\":\"2026-09-02T17:01:34.783\"},{\"id\":80175679,\"order\":30,\"orientation\":\"Landscape\",\"urlLarge\":\"https:\\\/\\\/r2.storagewhise.eu\\\/storage4663\\\/Pictures\\\/7846687\\\/640\\\/7ad5e78fc5d44a00ad1bfeab04268243.jpg\",\"urlSmall\":\"https:\\\/\\\/r2.storagewhise.eu\\\/storage4663\\\/Pictures\\\/7846687\\\/200\\\/7ad5e78fc5d44a00ad1bfeab04268243.jpg\",\"urlXXL\":\"https:\\\/\\\/r2.storagewhise.eu\\\/storage4663\\\/Pictures\\\/7846687\\\/1600\\\/7ad5e78fc5d44a00ad1bfeab04268243.jpg\",\"updateDateTime\":\"2026-09-02T17:01:34.783\"},{\"id\":80174485,\"order\":31,\"orientation\":\"Landscape\",\"urlLarge\":\"https:\\\/\\\/r2.storagewhise.eu\\\/storage4663\\\/Pictures\\\/7846687\\\/640\\\/690ac2606a8b43e487df28c75bf95fd1.jpg\",\"urlSmall\":\"https:\\\/\\\/r2.storagewhise.eu\\\/storage4663\\\/Pictures\\\/7846687\\\/200\\\/690ac2606a8b43e487df28c75bf95fd1.jpg\",\"urlXXL\":\"https:\\\/\\\/r2.storagewhise.eu\\\/storage4663\\\/Pictures\\\/7846687\\\/1600\\\/690ac2606a8b43e487df28c75bf95fd1.jpg\",\"updateDateTime\":\"2026-09-02T17:02:49.477\"},{\"id\":80174486,\"order\":32,\"orientation\":\"Landscape\",\"urlLarge\":\"https:\\\/\\\/r2.storagewhise.eu\\\/storage4663\\\/Pictures\\\/7846687\\\/640\\\/38bbc71efa114430b76875d6acc56186.jpg\",\"urlSmall\":\"https:\\\/\\\/r2.storagewhise.eu\\\/storage4663\\\/Pictures\\\/7846687\\\/200\\\/38bbc71efa114430b76875d6acc56186.jpg\",\"urlXXL\":\"https:\\\/\\\/r2.storagewhise.eu\\\/storage4663\\\/Pictures\\\/7846687\\\/1600\\\/38bbc71efa114430b76875d6acc56186.jpg\",\"updateDateTime\":\"2026-09-02T17:02:49.477\"},{\"id\":80174490,\"order\":33,\"orientation\":\"Landscape\",\"urlLarge\":\"https:\\\/\\\/r2.storagewhise.eu\\\/storage4663\\\/Pictures\\\/7846687\\\/640\\\/24df83a04a3c4b1d826b7872da889c82.jpg\",\"urlSmall\":\"https:\\\/\\\/r2.storagewhise.eu\\\/storage4663\\\/Pictures\\\/7846687\\\/200\\\/24df83a04a3c4b1d826b7872da889c82.jpg\",\"urlXXL\":\"https:\\\/\\\/r2.storagewhise.eu\\\/storage4663\\\/Pictures\\\/7846687\\\/1600\\\/24df83a04a3c4b1d826b7872da889c82.jpg\",\"updateDateTime\":\"2026-09-02T17:02:49.477\"},{\"id\":80174489,\"order\":34,\"orientation\":\"Landscape\",\"urlLarge\":\"https:\\\/\\\/r2.storagewhise.eu\\\/storage4663\\\/Pictures\\\/7846687\\\/640\\\/c0af4881034c4c20aafe4c488b1676d1.jpg\",\"urlSmall\":\"https:\\\/\\\/r2.storagewhise.eu\\\/storage4663\\\/Pictures\\\/7846687\\\/200\\\/c0af4881034c4c20aafe4c488b1676d1.jpg\",\"urlXXL\":\"https:\\\/\\\/r2.storagewhise.eu\\\/storage4663\\\/Pictures\\\/7846687\\\/1600\\\/c0af4881034c4c20aafe4c488b1676d1.jpg\",\"updateDateTime\":\"2026-09-02T17:02:49.477\"},{\"id\":80174494,\"order\":35,\"orientation\":\"Landscape\",\"urlLarge\":\"https:\\\/\\\/r2.storagewhise.eu\\\/storage4663\\\/Pictures\\\/7846687\\\/640\\\/8e68da6fc45546d9aaf60d7508c5134f.jpg\",\"urlSmall\":\"https:\\\/\\\/r2.storagewhise.eu\\\/storage4663\\\/Pictures\\\/7846687\\\/200\\\/8e68da6fc45546d9aaf60d7508c5134f.jpg\",\"urlXXL\":\"https:\\\/\\\/r2.storagewhise.eu\\\/storage4663\\\/Pictures\\\/7846687\\\/1600\\\/8e68da6fc45546d9aaf60d7508c5134f.jpg\",\"updateDateTime\":\"2026-09-02T17:02:49.477\"},{\"id\":80174491,\"order\":36,\"orientation\":\"Landscape\",\"urlLarge\":\"https:\\\/\\\/r2.storagewhise.eu\\\/storage4663\\\/Pictures\\\/7846687\\\/640\\\/d4f411774d304950944cea08d10995ee.jpg\",\"urlSmall\":\"https:\\\/\\\/r2.storagewhise.eu\\\/storage4663\\\/Pictures\\\/7846687\\\/200\\\/d4f411774d304950944cea08d10995ee.jpg\",\"urlXXL\":\"https:\\\/\\\/r2.storagewhise.eu\\\/storage4663\\\/Pictures\\\/7846687\\\/1600\\\/d4f411774d304950944cea08d10995ee.jpg\",\"updateDateTime\":\"2026-09-02T17:02:49.477\"},{\"id\":80174493,\"order\":37,\"orientation\":\"Landscape\",\"urlLarge\":\"https:\\\/\\\/r2.storagewhise.eu\\\/storage4663\\\/Pictures\\\/7846687\\\/640\\\/5f5bf4a42f4a46c38d1817af8607ea0f.jpg\",\"urlSmall\":\"https:\\\/\\\/r2.storagewhise.eu\\\/storage4663\\\/Pictures\\\/7846687\\\/200\\\/5f5bf4a42f4a46c38d1817af8607ea0f.jpg\",\"urlXXL\":\"https:\\\/\\\/r2.storagewhise.eu\\\/storage4663\\\/Pictures\\\/7846687\\\/1600\\\/5f5bf4a42f4a46c38d1817af8607ea0f.jpg\",\"updateDateTime\":\"2026-09-02T17:02:49.477\"},{\"id\":80174492,\"order\":38,\"orientation\":\"Landscape\",\"urlLarge\":\"https:\\\/\\\/r2.storagewhise.eu\\\/storage4663\\\/Pictures\\\/7846687\\\/640\\\/654e84286c434704a0bec244fd2ae29f.jpg\",\"urlSmall\":\"https:\\\/\\\/r2.storagewhise.eu\\\/storage4663\\\/Pictures\\\/7846687\\\/200\\\/654e84286c434704a0bec244fd2ae29f.jpg\",\"urlXXL\":\"https:\\\/\\\/r2.storagewhise.eu\\\/storage4663\\\/Pictures\\\/7846687\\\/1600\\\/654e84286c434704a0bec244fd2ae29f.jpg\",\"updateDateTime\":\"2026-09-02T17:02:49.477\"},{\"id\":80174496,\"order\":39,\"orientation\":\"Landscape\",\"urlLarge\":\"https:\\\/\\\/r2.storagewhise.eu\\\/storage4663\\\/Pictures\\\/7846687\\\/640\\\/a165840bd86844deba88b5aaaf0b7abe.jpg\",\"urlSmall\":\"https:\\\/\\\/r2.storagewhise.eu\\\/storage4663\\\/Pictures\\\/7846687\\\/200\\\/a165840bd86844deba88b5aaaf0b7abe.jpg\",\"urlXXL\":\"https:\\\/\\\/r2.storagewhise.eu\\\/storage4663\\\/Pictures\\\/7846687\\\/1600\\\/a165840bd86844deba88b5aaaf0b7abe.jpg\",\"updateDateTime\":\"2026-09-02T17:02:49.477\"},{\"id\":80174497,\"order\":40,\"orientation\":\"Landscape\",\"urlLarge\":\"https:\\\/\\\/r2.storagewhise.eu\\\/storage4663\\\/Pictures\\\/7846687\\\/640\\\/c3b2feda47b14dcbac248901f3d28381.jpg\",\"urlSmall\":\"https:\\\/\\\/r2.storagewhise.eu\\\/storage4663\\\/Pictures\\\/7846687\\\/200\\\/c3b2feda47b14dcbac248901f3d28381.jpg\",\"urlXXL\":\"https:\\\/\\\/r2.storagewhise.eu\\\/storage4663\\\/Pictures\\\/7846687\\\/1600\\\/c3b2feda47b14dcbac248901f3d28381.jpg\",\"updateDateTime\":\"2026-09-02T17:02:49.477\"},{\"id\":80174495,\"order\":41,\"orientation\":\"Landscape\",\"urlLarge\":\"https:\\\/\\\/r2.storagewhise.eu\\\/storage4663\\\/Pictures\\\/7846687\\\/640\\\/8d8decf744b840b18186ba72ea53591b.jpg\",\"urlSmall\":\"https:\\\/\\\/r2.storagewhise.eu\\\/storage4663\\\/Pictures\\\/7846687\\\/200\\\/8d8decf744b840b18186ba72ea53591b.jpg\",\"urlXXL\":\"https:\\\/\\\/r2.storagewhise.eu\\\/storage4663\\\/Pictures\\\/7846687\\\/1600\\\/8d8decf744b840b18186ba72ea53591b.jpg\",\"updateDateTime\":\"2026-09-02T17:02:49.477\"},{\"id\":80175684,\"order\":42,\"orientation\":\"Landscape\",\"urlLarge\":\"https:\\\/\\\/r2.storagewhise.eu\\\/storage4663\\\/Pictures\\\/7846687\\\/640\\\/648d91fc4ed742168e43797400513b31.jpg\",\"urlSmall\":\"https:\\\/\\\/r2.storagewhise.eu\\\/storage4663\\\/Pictures\\\/7846687\\\/200\\\/648d91fc4ed742168e43797400513b31.jpg\",\"urlXXL\":\"https:\\\/\\\/r2.storagewhise.eu\\\/storage4663\\\/Pictures\\\/7846687\\\/1600\\\/648d91fc4ed742168e43797400513b31.jpg\",\"updateDateTime\":\"2026-09-02T17:02:49.477\"}],\"details\":[{\"value\":\"3\",\"id\":15,\"group\":\"Nom, cat\\u00e9gorie & situation\\n\",\"type\":\"int\",\"label\":\"nombre d'\\u00e9tages\"},{\"value\":\"0\",\"id\":20,\"group\":\"B\\u00e2timent\",\"type\":\"yes\\\/no\",\"label\":\"parking int\\u00e9rieur\"},{\"value\":\"0\",\"id\":21,\"group\":\"B\\u00e2timent\",\"type\":\"yes\\\/no\",\"label\":\"parking ext\\u00e9rieur\"},{\"value\":\"0\",\"id\":22,\"group\":\"Equipement de base\",\"type\":\"yes\\\/no\",\"label\":\"acc\\u00e8s handicap\\u00e9s\"},{\"value\":\"1\",\"id\":38,\"group\":\"Equipement de base\",\"type\":\"yes\\\/no\",\"label\":\"cuisine\"},{\"value\":\"0\",\"id\":43,\"group\":\"Equipement de base\",\"type\":\"yes\\\/no\",\"label\":\"air conditionn\\u00e9\"},{\"value\":\"collectif\",\"enum\":{\"id\":639},\"id\":53,\"group\":\"Equipement de base\",\"type\":\"heating_group\",\"label\":\"chauffage (ind\\\/coll)\"},{\"value\":\"2\",\"id\":55,\"group\":\"En chiffres\",\"type\":\"int\",\"label\":\"Nbre de toilette(s)\"},{\"value\":\"1\",\"id\":57,\"group\":\"En chiffres\",\"type\":\"int\",\"label\":\"nombre de sdd\"},{\"value\":\"13\",\"id\":78,\"group\":\"En chiffres\",\"type\":\"surface\",\"label\":\"chambre 1\"},{\"value\":\"13\",\"id\":79,\"group\":\"En chiffres\",\"type\":\"surface\",\"label\":\"chambre 2\"},{\"value\":\"0\",\"id\":322,\"group\":\"Equipement ext\\u00e9rieur\",\"type\":\"yes\\\/no\",\"label\":\"piscine\"},{\"value\":\"0\",\"id\":372,\"group\":\"Equipement de base\",\"type\":\"yes\\\/no\",\"label\":\"ascenseur\"},{\"value\":\"1\",\"id\":461,\"group\":\"Equipement de base\",\"type\":\"yes\\\/no\",\"label\":\"double vitrage\"},{\"value\":\"aluminium\",\"enum\":{\"id\":736},\"id\":782,\"group\":\"\\u00c9quipements techniques\",\"type\":\"frame_material\",\"label\":\"ch\\u00e2ssis\"},{\"value\":\"Vue d\\u00e9gag\\u00e9e\",\"enum\":{\"id\":1984},\"id\":795,\"group\":\"Sp\\u00e9cificit\\u00e9s terrain\",\"type\":\"environment\",\"label\":\"Type d'environnement\"},{\"value\":\"20\",\"id\":874,\"group\":\"Caract\\u00e9ristiques Principales\",\"type\":\"surface\",\"label\":\"surface de terrasse 1\"},{\"value\":\"2\",\"id\":1005,\"group\":\"En chiffres\",\"type\":\"int\",\"label\":\"Nbre de terrasse(s)\"},{\"value\":\"30\",\"id\":1009,\"group\":\"En chiffres\",\"type\":\"surface\",\"label\":\" Salle de s\\u00e9jour\"},{\"value\":\"12\",\"id\":1011,\"group\":\"En chiffres\",\"type\":\"surface\",\"label\":\"Cuisine\"},{\"value\":\"7\",\"id\":1017,\"group\":\"En chiffres\",\"type\":\"surface\",\"label\":\"Salle de bain 1\"},{\"value\":\"calme\",\"enum\":{\"id\":72},\"id\":1447,\"group\":\"Sp\\u00e9cificit\\u00e9s terrain\",\"type\":\"environment\",\"label\":\"Type d'environnement 2\"},{\"value\":\"super-\\u00e9quip\\u00e9e\",\"enum\":{\"id\":686},\"id\":1595,\"group\":\"Equipement de base\",\"type\":\"kitchen\",\"label\":\"type de cuisine\"},{\"value\":\"douche et bain\",\"enum\":{\"id\":694},\"id\":1596,\"group\":\"Equipement de base\",\"type\":\"bathroom\",\"label\":\"sdb\"},{\"value\":\"isol. thermique et acoustique\",\"enum\":{\"id\":771},\"id\":1634,\"group\":\"Equipement de base\",\"type\":\"glass_isolation_choices\",\"label\":\"double vitrage\"},{\"value\":\"1\",\"id\":1763,\"group\":\"Equipement de base\",\"type\":\"yes\\\/no\",\"label\":\"parlophone\"},{\"value\":\"oui, conforme\",\"enum\":{\"id\":1454},\"id\":1793,\"group\":\"Certificats \\\/ Attestations\",\"type\":\"ElecCertifConformity\",\"label\":\"certificat d'\\u00e9lectricit\\u00e9\"},{\"value\":\"50.8241606\",\"id\":1849,\"group\":\"Nom, cat\\u00e9gorie & situation\\n\",\"type\":\"float\",\"label\":\"x de coordonn\\u00e9es xy\"},{\"value\":\"4.3397996\",\"id\":1850,\"group\":\"Nom, cat\\u00e9gorie & situation\\n\",\"type\":\"float\",\"label\":\"y de coordonn\\u00e9es xy\"},{\"value\":\"Parc Forest \\u2013 Appartement neuf \\u2013 jardin et terrasse\",\"id\":1914,\"group\":\"Titre de l'annonce\",\"type\":\"char\"},{\"value\":\"D\",\"id\":2056,\"group\":\"Certificats \\u00e9nerg\\u00e9tiques\",\"type\":\"char\",\"label\":\"Label PEB\"},{\"value\":\"200\",\"id\":2089,\"group\":\"Certificats \\u00e9nerg\\u00e9tiques\",\"type\":\"float_signed\",\"label\":\"PEB E-SPEC (kwh\\\/m\\u00b2\\\/an)\"},{\"value\":\"45\",\"id\":2090,\"group\":\"Certificats \\u00e9nerg\\u00e9tiques\",\"type\":\"float_signed\",\"label\":\"Emission CO2\"}]}"],"_yre_whise_fieldsig":["{\"_v\":2,\"price\":\"5135aa94b71d18cbc560fcd2dd579194\",\"purpose\":\"c4ca4238a0b923820dcc509a6f75849b\",\"category\":\"c81e728d9d4c2f636f067f89cc14862c\",\"subcategory\":\"8e296a067a37563370ded05f5a3bf3ec\",\"state\":\"c4ca4238a0b923820dcc509a6f75849b\",\"area\":\"38b3eff8baf56627478ec76a704e9b52\",\"groundArea\":\"d41d8cd98f00b204e9800998ecf8427e\",\"rooms\":\"c81e728d9d4c2f636f067f89cc14862c\",\"bathRooms\":\"c81e728d9d4c2f636f067f89cc14862c\",\"garages\":\"cfcd208495d565ef66e7dff9f98764da\",\"address\":\"06e8f73ca8e1c311ea61fd73f90efa09\",\"number\":\"14bfa6bb14875e45bba028a21ed38046\",\"box\":\"d41d8cd98f00b204e9800998ecf8427e\",\"zip\":\"160c88652d47d0be60bfbfed25111412\",\"city\":\"f379cfd7a55b621577a8389d1817a102\",\"name\":\"0b3a8593a418d00a002d3c03d2201146\",\"title\":\"d41d8cd98f00b204e9800998ecf8427e\",\"shortDescription\":\"8a2410e4b03633463a2dd2c176ec0f9d\",\"longDescription\":\"8a2410e4b03633463a2dd2c176ec0f9d\",\"epcValue\":\"3644a684f98ea8fe223c713b77189a77\",\"epcCategory\":\"8277e0910d750195b448797616e091ad\",\"constructionYear\":\"d41d8cd98f00b204e9800998ecf8427e\",\"referenceNumber\":\"ce210ea28fb0089450c4079639014c9d\",\"pictures\":\"f2b22022b3c3104f8fbd19bca65a3f08\"}"],"fave_agent_display_option":["agent_info"],"fave_agents":["21807"],"_thumbnail_id":["34137"],"_fave_property_images_csv":["34137,34138,34139,34140,34141,34144,34145,34148,34149,34150,34151,34154,34155,34156,34159,34162,34163,34166,34167,34168,34171,34172,34173,34174"],"_edit_lock":["1788363695:2"],"_edit_last":["2"],"fave_show_price_placeholder":["0"],"fave_property_map_street_view":["hide"],"fave_property_images":["34137","34138","34139","34140","34141","34144","34145","34148","34149","34150","34151","34154","34155","34156","34159","34162","34163","34166","34167","34168","34171","34172","34173","34174"],"fave_single_top_area":["global"],"fave_single_content_area":["global"],"_aioseo_title":[null],"_aioseo_description":[null],"_aioseo_og_title":[""],"_aioseo_og_description":[""],"_aioseo_og_article_section":[""],"_aioseo_twitter_title":[""],"_aioseo_twitter_description":[""],"_aioseo_keywords":["a:0:{}"],"_aioseo_og_article_tags":["a:0:{}"],"cmplz_hide_cookiebanner":[""],"houzez_manual_expire":["0"],"_houzez_expiration_date_status":["saved"],"houzez_total_property_views":["16"],"houzez_views_by_date":["a:2:{s:10:\"09-02-2026\";i:11;s:10:\"09-03-2026\";i:5;}"],"houzez_recently_viewed":["2026-09-03 08:06:35"],"_elementor_page_assets":["a:0:{}"]},"_links":{"self":[{"href":"https:\/\/yourealestate.be\/nl\/wp-json\/wp\/v2\/properties\/34136","targetHints":{"allow":["GET"]}}],"collection":[{"href":"https:\/\/yourealestate.be\/nl\/wp-json\/wp\/v2\/properties"}],"about":[{"href":"https:\/\/yourealestate.be\/nl\/wp-json\/wp\/v2\/types\/property"}],"author":[{"embeddable":true,"href":"https:\/\/yourealestate.be\/nl\/wp-json\/wp\/v2\/users\/2"}],"version-history":[{"count":1,"href":"https:\/\/yourealestate.be\/nl\/wp-json\/wp\/v2\/properties\/34136\/revisions"}],"predecessor-version":[{"id":34176,"href":"https:\/\/yourealestate.be\/nl\/wp-json\/wp\/v2\/properties\/34136\/revisions\/34176"}],"wp:featuredmedia":[{"embeddable":true,"href":"https:\/\/yourealestate.be\/nl\/wp-json\/wp\/v2\/media\/34137"}],"wp:attachment":[{"href":"https:\/\/yourealestate.be\/nl\/wp-json\/wp\/v2\/media?parent=34136"}],"wp:term":[{"taxonomy":"property_type","embeddable":true,"href":"https:\/\/yourealestate.be\/nl\/wp-json\/wp\/v2\/property_type?post=34136"},{"taxonomy":"property_status","embeddable":true,"href":"https:\/\/yourealestate.be\/nl\/wp-json\/wp\/v2\/property_status?post=34136"},{"taxonomy":"property_feature","embeddable":true,"href":"https:\/\/yourealestate.be\/nl\/wp-json\/wp\/v2\/property_feature?post=34136"},{"taxonomy":"property_label","embeddable":true,"href":"https:\/\/yourealestate.be\/nl\/wp-json\/wp\/v2\/property_label?post=34136"},{"taxonomy":"property_state","embeddable":true,"href":"https:\/\/yourealestate.be\/nl\/wp-json\/wp\/v2\/property_state?post=34136"},{"taxonomy":"property_city","embeddable":true,"href":"https:\/\/yourealestate.be\/nl\/wp-json\/wp\/v2\/property_city?post=34136"},{"taxonomy":"property_area","embeddable":true,"href":"https:\/\/yourealestate.be\/nl\/wp-json\/wp\/v2\/property_area?post=34136"}],"curies":[{"name":"wp","href":"https:\/\/api.w.org\/{rel}","templated":true}]}}