{"id":34177,"date":"2026-09-03T16:46:40","date_gmt":"2026-09-03T14:46:40","guid":{"rendered":"https:\/\/yourealestate.be\/?post_type=property&#038;p=34177"},"modified":"2026-09-03T16:46:40","modified_gmt":"2026-09-03T14:46:40","slug":"appartement-met-3-slaapkamers-in-brussel","status":"publish","type":"property","link":"https:\/\/yourealestate.be\/nl\/propriete\/appartement-3-chambres-bruxelles\/","title":{"rendered":"Appartement met 3 slaapkamers \u2013 Brussel"},"content":{"rendered":"<p><span style=\"background-color: #000000\">I<\/span>Dit prachtige gemeubileerde appartement van \u00b1182 m\u00b2, ideaal gelegen tegenover het Jubileumpark, bevindt zich in een luxe gebouw en biedt een aangenaam vrij uitzicht en bijzonder ruime kamers.<br \/>Het bestaat uit een grote woonkamer van 56 m\u00b2, een ingerichte keuken van 16,22 m\u00b2 en drie slaapkamers van 23,45 m\u00b2, 14,65 m\u00b2 en 13,47 m\u00b2 (waarvan \u00e9\u00e9n met kleedkamer of studeerhoek).<br \/>Het pand wordt gecompleteerd door buitenruimtes van in totaal ongeveer 7,7 m\u00b2. Een kelder maakt het pand compleet.<br \/>Deze gemeubileerde woning is licht, functioneel en comfortabel en zal klanten aanspreken die op zoek zijn naar een kwaliteitsappartement in een bevoorrechte omgeving.<br \/>EPB: C-<br \/>Parkeergarage voor 150 euro\/maand.<br \/>Voorziening voor servicekosten inclusief gemeenschappelijke ruimtes, verwarming en water (350 euro\/maand).<br \/>Meteen beschikbaar.<\/p>","protected":false},"excerpt":{"rendered":"<p>Id\u00e9alement situ\u00e9 face au Parc du Cinquantenaire, ce tr\u00e8s bel appartement meubl\u00e9 de \u00b1182 m\u00b2 se trouve dans un immeuble de standing et b\u00e9n\u00e9ficie d\u2019une agr\u00e9able vue d\u00e9gag\u00e9e ainsi que de volumes particuli\u00e8rement g\u00e9n\u00e9reux.Il se compose d\u2019un vaste s\u00e9jour de \u00b156 m\u00b2, d\u2019une cuisine \u00e9quip\u00e9e de \u00b116,22 m\u00b2 et de trois chambres de \u00b123,45 m\u00b2, [&hellip;]<\/p>\n","protected":false},"author":2,"featured_media":34178,"parent":0,"menu_order":0,"template":"","property_type":[79],"property_status":[29],"property_feature":[149,317,316,190,141,242],"property_label":[],"property_state":[96],"property_city":[98],"property_area":[103],"class_list":["post-34177","property","type-property","status-publish","has-post-thumbnail","hentry","property_type-appartement","property_status-location-immobiliere","property_feature-ascenseur","property_feature-buanderie","property_feature-cave","property_feature-meuble","property_feature-parking","property_feature-terrasse","property_state-bruxelles-capitale","property_city-bruxelles","property_area-bruxelles"],"aioseo_notices":[],"aioseo_head":"\n\t\t<!-- All in One SEO Pro 5.0.1.1 - aioseo.com -->\n\t<meta name=\"description\" content=\"Appartement 3 chambres \u2013 Bruxelles : Id\u00e9alement situ\u00e9 face au Parc du Cinquantenaire, ce tr\u00e8s bel appartement meubl\u00e9 de \u00b1182 m\u00b2 se trouve dans un immeuble de standing et b\u00e9n\u00e9ficie d\u2019une agr\u00e9able vue d\u00e9gag\u00e9e ainsi que de volumes particuli\u00e8rement g\u00e9n\u00e9reux.Il se compose d\u2019un vaste s\u00e9jour de \u00b156 m\u00b2, d\u2019une cuisine \u00e9quip\u00e9e de \u00b116,22 m\u00b2 et de trois chambres de \u00b123,45 m\u00b2,\" \/>\n\t<meta name=\"robots\" content=\"max-image-preview:large\" \/>\n\t<meta name=\"author\" content=\"Romain Bourja\"\/>\n\t<meta name=\"google-site-verification\" content=\"xbMcWt2A0-1AM5A_q5T3XhJGNY5K0wVXUY0RSr4Yqwc\" \/>\n\t<link rel=\"canonical\" href=\"https:\/\/yourealestate.be\/nl\/propriete\/appartement-3-chambres-bruxelles\/\" \/>\n\t<meta name=\"generator\" content=\"All in One SEO Pro (AIOSEO) 5.0.1.1\" \/>\n\t\t<meta property=\"og:locale\" content=\"nl_BE\" \/>\n\t\t<meta property=\"og:site_name\" content=\"You Real Estate Agency - Agence immobili\u00e8re \u00e0 Bruxelles\" \/>\n\t\t<meta property=\"og:type\" content=\"article\" \/>\n\t\t<meta property=\"og:title\" content=\"Appartement 3 chambres \u2013 Bruxelles - You Real Estate\" \/>\n\t\t<meta property=\"og:description\" content=\"Appartement 3 chambres \u2013 Bruxelles : Id\u00e9alement situ\u00e9 face au Parc du Cinquantenaire, ce tr\u00e8s bel appartement meubl\u00e9 de \u00b1182 m\u00b2 se trouve dans un immeuble de standing et b\u00e9n\u00e9ficie d\u2019une agr\u00e9able vue d\u00e9gag\u00e9e ainsi que de volumes particuli\u00e8rement g\u00e9n\u00e9reux.Il se compose d\u2019un vaste s\u00e9jour de \u00b156 m\u00b2, d\u2019une cuisine \u00e9quip\u00e9e de \u00b116,22 m\u00b2 et de trois chambres de \u00b123,45 m\u00b2,\" \/>\n\t\t<meta property=\"og:url\" content=\"https:\/\/yourealestate.be\/nl\/propriete\/appartement-3-chambres-bruxelles\/\" \/>\n\t\t<meta property=\"og:image\" content=\"https:\/\/yourealestate.be\/wp-content\/uploads\/2026\/09\/whise-34177-999b78d4b43f4b49a2b8c39c4c28de9b.jpg\" \/>\n\t\t<meta property=\"og:image:secure_url\" content=\"https:\/\/yourealestate.be\/wp-content\/uploads\/2026\/09\/whise-34177-999b78d4b43f4b49a2b8c39c4c28de9b.jpg\" \/>\n\t\t<meta property=\"og:image:width\" content=\"1600\" \/>\n\t\t<meta property=\"og:image:height\" content=\"1200\" \/>\n\t\t<meta property=\"article:published_time\" content=\"2026-09-03T14:46:40+00:00\" \/>\n\t\t<meta property=\"article:modified_time\" content=\"2026-09-03T14:46:40+00:00\" \/>\n\t\t<meta property=\"article:publisher\" content=\"https:\/\/www.facebook.com\/yourealestateagency\" \/>\n\t\t<meta name=\"twitter:card\" content=\"summary_large_image\" \/>\n\t\t<meta name=\"twitter:title\" content=\"Appartement 3 chambres \u2013 Bruxelles - You Real Estate\" \/>\n\t\t<meta name=\"twitter:description\" content=\"Appartement 3 chambres \u2013 Bruxelles : Id\u00e9alement situ\u00e9 face au Parc du Cinquantenaire, ce tr\u00e8s bel appartement meubl\u00e9 de \u00b1182 m\u00b2 se trouve dans un immeuble de standing et b\u00e9n\u00e9ficie d\u2019une agr\u00e9able vue d\u00e9gag\u00e9e ainsi que de volumes particuli\u00e8rement g\u00e9n\u00e9reux.Il se compose d\u2019un vaste s\u00e9jour de \u00b156 m\u00b2, d\u2019une cuisine \u00e9quip\u00e9e de \u00b116,22 m\u00b2 et de trois chambres de \u00b123,45 m\u00b2,\" \/>\n\t\t<meta name=\"twitter:image\" content=\"https:\/\/yourealestate.be\/wp-content\/uploads\/2026\/09\/whise-34177-999b78d4b43f4b49a2b8c39c4c28de9b.jpg\" \/>\n\t\t<script type=\"application\/ld+json\" class=\"aioseo-schema\">\n\t\t\t{\"@context\":\"https:\\\/\\\/schema.org\",\"@graph\":[{\"@type\":\"BreadcrumbList\",\"@id\":\"https:\\\/\\\/yourealestate.be\\\/nl\\\/propriete\\\/appartement-3-chambres-bruxelles\\\/#breadcrumblist\",\"itemListElement\":[{\"@type\":\"ListItem\",\"@id\":\"https:\\\/\\\/yourealestate.be\\\/nl#listItem\",\"position\":1,\"name\":\"Home\",\"item\":\"https:\\\/\\\/yourealestate.be\\\/nl\",\"nextItem\":{\"@type\":\"ListItem\",\"@id\":\"https:\\\/\\\/yourealestate.be\\\/nl\\\/propriete\\\/#listItem\",\"name\":\"Properties\"}},{\"@type\":\"ListItem\",\"@id\":\"https:\\\/\\\/yourealestate.be\\\/nl\\\/propriete\\\/#listItem\",\"position\":2,\"name\":\"Properties\",\"item\":\"https:\\\/\\\/yourealestate.be\\\/nl\\\/propriete\\\/\",\"nextItem\":{\"@type\":\"ListItem\",\"@id\":\"https:\\\/\\\/yourealestate.be\\\/nl\\\/type\\\/appartement\\\/#listItem\",\"name\":\"Appartement\"},\"previousItem\":{\"@type\":\"ListItem\",\"@id\":\"https:\\\/\\\/yourealestate.be\\\/nl#listItem\",\"name\":\"Home\"}},{\"@type\":\"ListItem\",\"@id\":\"https:\\\/\\\/yourealestate.be\\\/nl\\\/type\\\/appartement\\\/#listItem\",\"position\":3,\"name\":\"Appartement\",\"item\":\"https:\\\/\\\/yourealestate.be\\\/nl\\\/type\\\/appartement\\\/\",\"nextItem\":{\"@type\":\"ListItem\",\"@id\":\"https:\\\/\\\/yourealestate.be\\\/nl\\\/propriete\\\/appartement-3-chambres-bruxelles\\\/#listItem\",\"name\":\"Appartement 3 chambres &#8211; Bruxelles\"},\"previousItem\":{\"@type\":\"ListItem\",\"@id\":\"https:\\\/\\\/yourealestate.be\\\/nl\\\/propriete\\\/#listItem\",\"name\":\"Properties\"}},{\"@type\":\"ListItem\",\"@id\":\"https:\\\/\\\/yourealestate.be\\\/nl\\\/propriete\\\/appartement-3-chambres-bruxelles\\\/#listItem\",\"position\":4,\"name\":\"Appartement 3 chambres &#8211; Bruxelles\",\"previousItem\":{\"@type\":\"ListItem\",\"@id\":\"https:\\\/\\\/yourealestate.be\\\/nl\\\/type\\\/appartement\\\/#listItem\",\"name\":\"Appartement\"}}]},{\"@type\":\"Organization\",\"@id\":\"https:\\\/\\\/yourealestate.be\\\/nl\\\/#organization\",\"name\":\"You Real Estate Agency You Real Estate\",\"description\":\"Agence immobili\\u00e8re \\u00e0 Bruxelles\",\"url\":\"https:\\\/\\\/yourealestate.be\\\/nl\\\/\",\"email\":\"info@yourealestate.be\",\"telephone\":\"+3224608386\",\"logo\":{\"@type\":\"ImageObject\",\"url\":\"https:\\\/\\\/yourealestate.be\\\/wp-content\\\/uploads\\\/2024\\\/12\\\/You-Logo-Color-DEF_Green_More-Space-3000px-scaled.jpg\",\"@id\":\"https:\\\/\\\/yourealestate.be\\\/nl\\\/propriete\\\/appartement-3-chambres-bruxelles\\\/#organizationLogo\"},\"image\":{\"@id\":\"https:\\\/\\\/yourealestate.be\\\/nl\\\/propriete\\\/appartement-3-chambres-bruxelles\\\/#organizationLogo\"},\"sameAs\":[\"https:\\\/\\\/www.facebook.com\\\/yourealestateagency\",\"https:\\\/\\\/www.instagram.com\\\/you_real_estate\",\"https:\\\/\\\/www.linkedin.com\\\/company\\\/you-real-estate\"],\"address\":{\"@id\":\"https:\\\/\\\/yourealestate.be\\\/nl\\\/#postaladdress\",\"@type\":\"PostalAddress\",\"streetAddress\":\"Rue du Bailli 11\",\"postalCode\":\"1000\",\"addressLocality\":\"Bruxelles\",\"addressCountry\":\"BE\"}},{\"@type\":\"Person\",\"@id\":\"https:\\\/\\\/yourealestate.be\\\/nl\\\/author\\\/romain\\\/#author\",\"url\":\"https:\\\/\\\/yourealestate.be\\\/nl\\\/author\\\/romain\\\/\",\"name\":\"Romain Bourja\"},{\"@type\":\"WebPage\",\"@id\":\"https:\\\/\\\/yourealestate.be\\\/nl\\\/propriete\\\/appartement-3-chambres-bruxelles\\\/#webpage\",\"url\":\"https:\\\/\\\/yourealestate.be\\\/nl\\\/propriete\\\/appartement-3-chambres-bruxelles\\\/\",\"name\":\"Appartement 3 chambres \\u2013 Bruxelles - You Real Estate\",\"description\":\"Appartement 3 chambres \\u2013 Bruxelles : Id\\u00e9alement situ\\u00e9 face au Parc du Cinquantenaire, ce tr\\u00e8s bel appartement meubl\\u00e9 de \\u00b1182 m\\u00b2 se trouve dans un immeuble de standing et b\\u00e9n\\u00e9ficie d\\u2019une agr\\u00e9able vue d\\u00e9gag\\u00e9e ainsi que de volumes particuli\\u00e8rement g\\u00e9n\\u00e9reux.Il se compose d\\u2019un vaste s\\u00e9jour de \\u00b156 m\\u00b2, d\\u2019une cuisine \\u00e9quip\\u00e9e de \\u00b116,22 m\\u00b2 et de trois chambres de \\u00b123,45 m\\u00b2,\",\"inLanguage\":\"nl-BE\",\"isPartOf\":{\"@id\":\"https:\\\/\\\/yourealestate.be\\\/nl\\\/#website\"},\"breadcrumb\":{\"@id\":\"https:\\\/\\\/yourealestate.be\\\/nl\\\/propriete\\\/appartement-3-chambres-bruxelles\\\/#breadcrumblist\"},\"author\":{\"@id\":\"https:\\\/\\\/yourealestate.be\\\/nl\\\/author\\\/romain\\\/#author\"},\"creator\":{\"@id\":\"https:\\\/\\\/yourealestate.be\\\/nl\\\/author\\\/romain\\\/#author\"},\"image\":{\"@type\":\"ImageObject\",\"url\":\"https:\\\/\\\/yourealestate.be\\\/wp-content\\\/uploads\\\/2026\\\/09\\\/whise-34177-999b78d4b43f4b49a2b8c39c4c28de9b.jpg\",\"@id\":\"https:\\\/\\\/yourealestate.be\\\/nl\\\/propriete\\\/appartement-3-chambres-bruxelles\\\/#mainImage\",\"width\":1600,\"height\":1200,\"caption\":\"Salon lumineux avec salle \\u00e0 manger, parquet et cuisine ouverte.\"},\"primaryImageOfPage\":{\"@id\":\"https:\\\/\\\/yourealestate.be\\\/nl\\\/propriete\\\/appartement-3-chambres-bruxelles\\\/#mainImage\"},\"datePublished\":\"2026-09-03T16:46:40+02:00\",\"dateModified\":\"2026-09-03T16:46:40+02:00\"},{\"@type\":\"WebSite\",\"@id\":\"https:\\\/\\\/yourealestate.be\\\/nl\\\/#website\",\"url\":\"https:\\\/\\\/yourealestate.be\\\/nl\\\/\",\"name\":\"You Real Estate Agency\",\"description\":\"Agence immobili\\u00e8re \\u00e0 Bruxelles\",\"inLanguage\":\"nl-BE\",\"publisher\":{\"@id\":\"https:\\\/\\\/yourealestate.be\\\/nl\\\/#organization\"}}]}\n\t\t<\/script>\n\t\t<!-- All in One SEO Pro -->\r\n\t\t<title>Appartement 3 chambres \u2013 Bruxelles - You Real Estate<\/title>\n\n","aioseo_head_json":{"title":"Appartement met 3 slaapkamers \u2013 Brussel - You Real Estate","description":"Appartement met 3 slaapkamers \u2013 Brussel: Dit prachtige gemeubileerde appartement van \u00b1182 m\u00b2 is ideaal gelegen tegenover het Vijftigjarig Jubileumpark, in een luxe gebouw, en biedt een aangenaam vrij uitzicht en bijzonder ruime kamers.Het bestaat uit een ruime woonkamer van \u00b156 m\u00b2, een ingerichte keuken van \u00b116,22 m\u00b2 en drie slaapkamers van \u00b123,45 m\u00b2,","canonical_url":"https:\/\/yourealestate.be\/nl\/propriete\/appartement-3-chambres-bruxelles\/","robots":"max-image-preview:large","keywords":"","webmasterTools":{"google-site-verification":"xbMcWt2A0-1AM5A_q5T3XhJGNY5K0wVXUY0RSr4Yqwc","miscellaneous":""},"schema":{"@context":"https:\/\/schema.org","@graph":[{"@type":"BreadcrumbList","@id":"https:\/\/yourealestate.be\/nl\/propriete\/appartement-3-chambres-bruxelles\/#breadcrumblist","itemListElement":[{"@type":"ListItem","@id":"https:\/\/yourealestate.be\/nl#listItem","position":1,"name":"Home","item":"https:\/\/yourealestate.be\/nl","nextItem":{"@type":"ListItem","@id":"https:\/\/yourealestate.be\/nl\/propriete\/#listItem","name":"Properties"}},{"@type":"ListItem","@id":"https:\/\/yourealestate.be\/nl\/propriete\/#listItem","position":2,"name":"Properties","item":"https:\/\/yourealestate.be\/nl\/propriete\/","nextItem":{"@type":"ListItem","@id":"https:\/\/yourealestate.be\/nl\/type\/appartement\/#listItem","name":"Appartement"},"previousItem":{"@type":"ListItem","@id":"https:\/\/yourealestate.be\/nl#listItem","name":"Home"}},{"@type":"ListItem","@id":"https:\/\/yourealestate.be\/nl\/type\/appartement\/#listItem","position":3,"name":"Appartement","item":"https:\/\/yourealestate.be\/nl\/type\/appartement\/","nextItem":{"@type":"ListItem","@id":"https:\/\/yourealestate.be\/nl\/propriete\/appartement-3-chambres-bruxelles\/#listItem","name":"Appartement 3 chambres &#8211; Bruxelles"},"previousItem":{"@type":"ListItem","@id":"https:\/\/yourealestate.be\/nl\/propriete\/#listItem","name":"Properties"}},{"@type":"ListItem","@id":"https:\/\/yourealestate.be\/nl\/propriete\/appartement-3-chambres-bruxelles\/#listItem","position":4,"name":"Appartement 3 chambres &#8211; Bruxelles","previousItem":{"@type":"ListItem","@id":"https:\/\/yourealestate.be\/nl\/type\/appartement\/#listItem","name":"Appartement"}}]},{"@type":"Organization","@id":"https:\/\/yourealestate.be\/nl\/#organization","name":"You Real Estate Agency You Real Estate","description":"Agence immobili\u00e8re \u00e0 Bruxelles","url":"https:\/\/yourealestate.be\/nl\/","email":"info@yourealestate.be","telephone":"+3224608386","logo":{"@type":"ImageObject","url":"https:\/\/yourealestate.be\/wp-content\/uploads\/2024\/12\/You-Logo-Color-DEF_Green_More-Space-3000px-scaled.jpg","@id":"https:\/\/yourealestate.be\/nl\/propriete\/appartement-3-chambres-bruxelles\/#organizationLogo"},"image":{"@id":"https:\/\/yourealestate.be\/nl\/propriete\/appartement-3-chambres-bruxelles\/#organizationLogo"},"sameAs":["https:\/\/www.facebook.com\/yourealestateagency","https:\/\/www.instagram.com\/you_real_estate","https:\/\/www.linkedin.com\/company\/you-real-estate"],"address":{"@id":"https:\/\/yourealestate.be\/nl\/#postaladdress","@type":"PostalAddress","streetAddress":"Rue du Bailli 11","postalCode":"1000","addressLocality":"Bruxelles","addressCountry":"BE"}},{"@type":"Person","@id":"https:\/\/yourealestate.be\/nl\/author\/romain\/#author","url":"https:\/\/yourealestate.be\/nl\/author\/romain\/","name":"Romain Bourja"},{"@type":"WebPage","@id":"https:\/\/yourealestate.be\/nl\/propriete\/appartement-3-chambres-bruxelles\/#webpage","url":"https:\/\/yourealestate.be\/nl\/propriete\/appartement-3-chambres-bruxelles\/","name":"Appartement 3 chambres \u2013 Bruxelles - You Real Estate","description":"Appartement 3 chambres \u2013 Bruxelles : Id\u00e9alement situ\u00e9 face au Parc du Cinquantenaire, ce tr\u00e8s bel appartement meubl\u00e9 de \u00b1182 m\u00b2 se trouve dans un immeuble de standing et b\u00e9n\u00e9ficie d\u2019une agr\u00e9able vue d\u00e9gag\u00e9e ainsi que de volumes particuli\u00e8rement g\u00e9n\u00e9reux.Il se compose d\u2019un vaste s\u00e9jour de \u00b156 m\u00b2, d\u2019une cuisine \u00e9quip\u00e9e de \u00b116,22 m\u00b2 et de trois chambres de \u00b123,45 m\u00b2,","inLanguage":"nl-BE","isPartOf":{"@id":"https:\/\/yourealestate.be\/nl\/#website"},"breadcrumb":{"@id":"https:\/\/yourealestate.be\/nl\/propriete\/appartement-3-chambres-bruxelles\/#breadcrumblist"},"author":{"@id":"https:\/\/yourealestate.be\/nl\/author\/romain\/#author"},"creator":{"@id":"https:\/\/yourealestate.be\/nl\/author\/romain\/#author"},"image":{"@type":"ImageObject","url":"https:\/\/yourealestate.be\/wp-content\/uploads\/2026\/09\/whise-34177-999b78d4b43f4b49a2b8c39c4c28de9b.jpg","@id":"https:\/\/yourealestate.be\/nl\/propriete\/appartement-3-chambres-bruxelles\/#mainImage","width":1600,"height":1200,"caption":"Salon lumineux avec salle \u00e0 manger, parquet et cuisine ouverte."},"primaryImageOfPage":{"@id":"https:\/\/yourealestate.be\/nl\/propriete\/appartement-3-chambres-bruxelles\/#mainImage"},"datePublished":"2026-09-03T16:46:40+02:00","dateModified":"2026-09-03T16:46:40+02:00"},{"@type":"WebSite","@id":"https:\/\/yourealestate.be\/nl\/#website","url":"https:\/\/yourealestate.be\/nl\/","name":"You Real Estate Agency","description":"Agence immobili\u00e8re \u00e0 Bruxelles","inLanguage":"nl-BE","publisher":{"@id":"https:\/\/yourealestate.be\/nl\/#organization"}}]},"og:locale":"nl_BE","og:site_name":"You Real Estate Agency - Agence immobili\u00e8re \u00e0 Bruxelles","og:type":"article","og:title":"Appartement 3 chambres \u2013 Bruxelles - You Real Estate","og:description":"Appartement 3 chambres \u2013 Bruxelles : Id\u00e9alement situ\u00e9 face au Parc du Cinquantenaire, ce tr\u00e8s bel appartement meubl\u00e9 de \u00b1182 m\u00b2 se trouve dans un immeuble de standing et b\u00e9n\u00e9ficie d\u2019une agr\u00e9able vue d\u00e9gag\u00e9e ainsi que de volumes particuli\u00e8rement g\u00e9n\u00e9reux.Il se compose d\u2019un vaste s\u00e9jour de \u00b156 m\u00b2, d\u2019une cuisine \u00e9quip\u00e9e de \u00b116,22 m\u00b2 et de trois chambres de \u00b123,45 m\u00b2,","og:url":"https:\/\/yourealestate.be\/nl\/propriete\/appartement-3-chambres-bruxelles\/","og:image":"https:\/\/yourealestate.be\/wp-content\/uploads\/2026\/09\/whise-34177-999b78d4b43f4b49a2b8c39c4c28de9b.jpg","og:image:secure_url":"https:\/\/yourealestate.be\/wp-content\/uploads\/2026\/09\/whise-34177-999b78d4b43f4b49a2b8c39c4c28de9b.jpg","og:image:width":1600,"og:image:height":1200,"article:published_time":"2026-09-03T14:46:40+00:00","article:modified_time":"2026-09-03T14:46:40+00:00","article:publisher":"https:\/\/www.facebook.com\/yourealestateagency","twitter:card":"summary_large_image","twitter:title":"Appartement 3 chambres \u2013 Bruxelles - You Real Estate","twitter:description":"Appartement 3 chambres \u2013 Bruxelles : Id\u00e9alement situ\u00e9 face au Parc du Cinquantenaire, ce tr\u00e8s bel appartement meubl\u00e9 de \u00b1182 m\u00b2 se trouve dans un immeuble de standing et b\u00e9n\u00e9ficie d\u2019une agr\u00e9able vue d\u00e9gag\u00e9e ainsi que de volumes particuli\u00e8rement g\u00e9n\u00e9reux.Il se compose d\u2019un vaste s\u00e9jour de \u00b156 m\u00b2, d\u2019une cuisine \u00e9quip\u00e9e de \u00b116,22 m\u00b2 et de trois chambres de \u00b123,45 m\u00b2,","twitter:image":"https:\/\/yourealestate.be\/wp-content\/uploads\/2026\/09\/whise-34177-999b78d4b43f4b49a2b8c39c4c28de9b.jpg"},"aioseo_meta_data":{"post_id":"34177","title":null,"description":null,"keywords":null,"keyphrases":{"focus":{"keyphrase":"","score":0,"analysis":{"keyphraseInTitle":{"score":0,"maxScore":9,"error":1}}},"additional":[]},"primary_term":null,"canonical_url":null,"og_title":null,"og_description":null,"og_object_type":"default","og_image_type":"default","og_image_url":null,"og_image_width":null,"og_image_height":null,"og_image_custom_url":null,"og_image_custom_fields":null,"og_video":"","og_custom_url":null,"og_article_section":null,"og_article_tags":null,"twitter_use_og":false,"twitter_card":"default","twitter_image_type":"default","twitter_image_url":null,"twitter_image_custom_url":null,"twitter_image_custom_fields":null,"twitter_title":null,"twitter_description":null,"schema":{"blockGraphs":[],"customGraphs":[],"default":{"data":{"Article":[],"Course":[],"Dataset":[],"FAQPage":[],"Movie":[],"Person":[],"Product":[],"ProductReview":[],"Car":[],"Recipe":[],"Service":[],"SoftwareApplication":[],"WebPage":[]},"graphName":"WebPage","isEnabled":true},"graphs":[]},"schema_type":"default","schema_type_options":null,"pillar_content":false,"robots_default":true,"robots_noindex":false,"robots_noarchive":false,"robots_nosnippet":false,"robots_nofollow":false,"robots_noimageindex":false,"robots_noodp":false,"robots_notranslate":false,"robots_max_snippet":"-1","robots_max_videopreview":"-1","robots_max_imagepreview":"large","priority":null,"frequency":"default","local_seo":null,"seo_analyzer_scan_date":"2026-09-03 14:49:00","breadcrumb_settings":null,"limit_modified_date":false,"reviewed_by":null,"open_ai":null,"ai":{"faqs":[],"keyPoints":[],"schemas":[],"titles":[],"descriptions":[],"socialPosts":{"email":{"subject":"","preview":"","content":""},"linkedin":[],"twitter":[],"facebook":[],"instagram":[]}},"created":"2026-09-03 14:38:19","updated":"2026-09-03 15:06:15","focus_keyword":null,"additional_keywords":null,"truseo_locale":null},"aioseo_breadcrumb":"<div class=\"aioseo-breadcrumbs\"><span class=\"aioseo-breadcrumb\">\n\t<a href=\"https:\/\/yourealestate.be\/nl\" title=\"Home\">Home<\/a>\n<\/span><span class=\"aioseo-breadcrumb-separator\">&raquo;<\/span><span class=\"aioseo-breadcrumb\">\n\t<a href=\"https:\/\/yourealestate.be\/nl\/propriete\/\" title=\"Properties\">Properties<\/a>\n<\/span><span class=\"aioseo-breadcrumb-separator\">&raquo;<\/span><span class=\"aioseo-breadcrumb\">\n\t<a href=\"https:\/\/yourealestate.be\/nl\/type\/appartement\/\" title=\"Appartement\">Appartement<\/a>\n<\/span><span class=\"aioseo-breadcrumb-separator\">&raquo;<\/span><span class=\"aioseo-breadcrumb\">\n\tAppartement 3 chambres \u2013 Bruxelles\n<\/span><\/div>","aioseo_breadcrumb_json":[{"label":"Home","link":"https:\/\/yourealestate.be\/nl"},{"label":"Properties","link":"https:\/\/yourealestate.be\/nl\/propriete\/"},{"label":"Appartement","link":"https:\/\/yourealestate.be\/nl\/type\/appartement\/"},{"label":"Appartement 3 chambres &#8211; Bruxelles","link":"https:\/\/yourealestate.be\/nl\/propriete\/appartement-3-chambres-bruxelles\/"}],"property_meta":{"_yre_whise_id":["7851463"],"_yre_whise_reference":["7695892"],"fave_property_address":["Avenue de la Renaissance 41"],"fave_property_zip":["1000"],"fave_property_location":["50.8429375,4.3937914,15"],"houzez_geolocation_lat":["50.8429375"],"houzez_geolocation_long":["4.3937914"],"fave_property_map_address":["41, Avenue de la Renaissance - Renaissancelaan, Quartier europ\u00e9en - Europese wijk, Bruxelles - Brussel, Brussel-Hoofdstad - Bruxelles-Capitale, R\u00e9gion de Bruxelles-Capitale - Brussels Hoofdstedelijk Gewest, 1000, Belgi\u00eb \/ Belgique \/ Belgien"],"fave_property_map":["1"],"fave_property_price":["3000"],"fave_property_price_postfix":["mois"],"fave_property_size":["182"],"fave_property_size_prefix":["m\u00b2"],"fave_property_bedrooms":["3"],"fave_property_bathrooms":["2"],"fave_property_garage":["1"],"fave_energy_class":["C"],"fave_energy_class_value":["142"],"fave_energy_global_index":["70"],"_yre_whise_imported_at":["2026-09-03 16:38:20"],"_yre_whise_data_snapshot":["{\"id\":7851463,\"address\":\"Avenue de la Renaissance \",\"area\":182,\"bathRooms\":2,\"box\":\"4b\",\"city\":\"Bruxelles\",\"client\":\"You Real Estate Srl\",\"clientId\":4663,\"comments\":\"Cl\\u00e9s a l'agence\\nAppartement 4B\\nCaves peu importe \\nParking 9 ou 10 ou 12 13\\nParking au prix de 150 euros \\\/mois.\\nProvision de charges comprenant communs, chauffage et eau (350 euros\\\/mois).\",\"createDateTime\":\"2026-09-03T14:51:08.573\",\"currency\":\"\\u20ac\",\"displayAddress\":true,\"displayPrice\":true,\"displayStatusId\":2,\"energyClass\":\"C\",\"energyValue\":\"142\",\"floor\":\"4\",\"fronts\":3,\"furnished\":1,\"garage\":0,\"garden\":0,\"linkRouteDesc\":true,\"longDescription\":[{\"languageId\":\"fr-BE\",\"content\":\"<p><span style=\\\"background-color: #000000;\\\">I<\\\/span>d\\u00e9alement situ\\u00e9 face au Parc du Cinquantenaire, ce tr\\u00e8s bel appartement meubl\\u00e9 de \\u00b1182 m\\u00b2 se trouve dans un immeuble de standing et b\\u00e9n\\u00e9ficie d\\u2019une agr\\u00e9able vue d\\u00e9gag\\u00e9e ainsi que de volumes particuli\\u00e8rement g\\u00e9n\\u00e9reux.<br \\\/>Il se compose d\\u2019un vaste s\\u00e9jour de \\u00b156 m\\u00b2, d\\u2019une cuisine \\u00e9quip\\u00e9e de \\u00b116,22 m\\u00b2 et de trois chambres de \\u00b123,45 m\\u00b2, \\u00b114,65 m\\u00b2 et \\u00b113,47 m\\u00b2 (dont l\\u2019une int\\u00e8gre un espace dressing ou bureau).<br \\\/>L\\u2019ensemble est compl\\u00e9t\\u00e9 par des espaces ext\\u00e9rieurs d\\u2019une superficie totale de \\u00b17,7 m\\u00b2. Une cave compl\\u00e8te ce bien.<br \\\/>Lumineux, fonctionnel et confortable, ce bien meubl\\u00e9 s\\u00e9duira une client\\u00e8le \\u00e0 la recherche d\\u2019un appartement de qualit\\u00e9 dans un environnement privil\\u00e9gi\\u00e9.<br \\\/>PEB : C-<br \\\/>Parking au prix de 150 euros \\\/mois.<br \\\/>Provision de charges comprenant communs, chauffage et eau (350 euros\\\/mois).<br \\\/>Disponible imm\\u00e9diatement.<\\\/p>\"}],\"maxArea\":182,\"minArea\":182,\"name\":\"Renaissance 41 - 4B\",\"number\":\"41\",\"office\":\"You Real Estate \",\"officeId\":6638,\"parking\":1,\"price\":3000,\"priceChangeDateTime\":\"2026-09-03T14:51:08.56\",\"putOnlineDateTime\":\"2026-09-03T14:58:08.26\",\"referenceNumber\":\"7695892\",\"rooms\":3,\"shortDescription\":[{\"languageId\":\"fr-BE\",\"content\":\"<p>Id\\u00e9alement situ\\u00e9 face au Parc du Cinquantenaire, ce tr\\u00e8s bel appartement meubl\\u00e9 de \\u00b1182 m\\u00b2 se trouve dans un immeuble de standing et b\\u00e9n\\u00e9ficie d\\u2019une agr\\u00e9able vue d\\u00e9gag\\u00e9e ainsi que de volumes particuli\\u00e8rement g\\u00e9n\\u00e9reux.<br \\\/>Il se compose d\\u2019un vaste s\\u00e9jour de \\u00b156 m\\u00b2, d\\u2019une cuisine \\u00e9quip\\u00e9e de \\u00b116,22 m\\u00b2 et de trois chambres de \\u00b123,45 m\\u00b2, \\u00b114,65 m\\u00b2 et \\u00b113,47 m\\u00b2 (dont l\\u2019une int\\u00e8gre un espace dressing ou bureau).<br \\\/>L\\u2019ensemble est compl\\u00e9t\\u00e9 par des espaces ext\\u00e9rieurs d\\u2019une superficie totale de \\u00b17,7 m\\u00b2. Une cave compl\\u00e8te ce bien.<br \\\/>Lumineux, fonctionnel et confortable, ce bien meubl\\u00e9 s\\u00e9duira une client\\u00e8le \\u00e0 la recherche d\\u2019un appartement de qualit\\u00e9 dans un environnement privil\\u00e9gi\\u00e9.<br \\\/>PEB : C-<br \\\/>Parking au prix de 150 euros \\\/mois.<br \\\/>Provision de charges comprenant communs, chauffage et eau (350 euros\\\/mois).<br \\\/>Disponible imm\\u00e9diatement.<\\\/p>\"}],\"sms\":[{\"languageId\":\"fr-BE\",\"content\":\"Id\\u00e9alement situ\\u00e9 face au Parc du Cinquantenaire, ce tr\\u00e8s bel appartement meubl\\u00e9 de \\u00b1182 m\\u00b2 se trouve dans un immeuble de standing et b\\u00e9n\\u00e9ficie d\\u2019une agr\\u00e9able vue d\\u00e9gag\\u00e9e ainsi que de volumes particuli\\u00e8rement g\\u00e9n\\u00e9reux.\\nIl se compose d\\u2019un vaste s\\u00e9jour de \\u00b156 m\\u00b2, d\\u2019une cuisine \\u00e9quip\\u00e9e de \\u00b116,22 m\\u00b2 et de trois chambres de \\u00b123,45 m\\u00b2, \\u00b114,65 m\\u00b2 et \\u00b113,47 m\\u00b2 (dont l\\u2019une int\\u00e8gre un espace dressing ou bureau).\\nL\\u2019ensemble est compl\\u00e9t\\u00e9 par des espaces ext\\u00e9rieurs d\\u2019une superficie totale de \\u00b17,7 m\\u00b2. Une cave compl\\u00e8te ce bien.\\nLumineux, fonctionnel et confortable, ce bien meubl\\u00e9 s\\u00e9duira une client\\u00e8le \\u00e0 la recherche d\\u2019un appartement de qualit\\u00e9 dans un environnement privil\\u00e9gi\\u00e9.\\nPEB : C-\\nParking au prix de 150 euros \\\/mois.\\nProvision de charges comprenant communs, chauffage et eau (350 euros\\\/mois).\\nDisponible imm\\u00e9diatement.\"}],\"terrace\":1,\"updateDateTime\":\"2026-09-03T14:58:08.26\",\"zip\":\"1000\",\"category\":{\"id\":2},\"subCategory\":{\"id\":17},\"country\":{\"id\":1},\"status\":{\"id\":1},\"availability\":{\"id\":5},\"purpose\":{\"id\":2},\"purposeStatus\":{\"id\":2},\"state\":{\"id\":2},\"regions\":[{\"zips\":[\"1000\",\"1040\",\"1050\",\"1060\",\"1150\",\"1170\",\"1180\",\"1190\",\"1200\"],\"id\":66243}],\"pictures\":[{\"id\":80272504,\"orientation\":\"Landscape\",\"urlLarge\":\"https:\\\/\\\/r2.storagewhise.eu\\\/storage4663\\\/Pictures\\\/7851463\\\/640\\\/999b78d4b43f4b49a2b8c39c4c28de9b.jpg\",\"urlSmall\":\"https:\\\/\\\/r2.storagewhise.eu\\\/storage4663\\\/Pictures\\\/7851463\\\/200\\\/999b78d4b43f4b49a2b8c39c4c28de9b.jpg\",\"urlXXL\":\"https:\\\/\\\/r2.storagewhise.eu\\\/storage4663\\\/Pictures\\\/7851463\\\/1600\\\/999b78d4b43f4b49a2b8c39c4c28de9b.jpg\",\"updateDateTime\":\"2026-09-03T14:52:23.887\"},{\"id\":80272505,\"order\":1,\"orientation\":\"Landscape\",\"urlLarge\":\"https:\\\/\\\/r2.storagewhise.eu\\\/storage4663\\\/Pictures\\\/7851463\\\/640\\\/e90e87510d294ce08be425e99f39611d.jpg\",\"urlSmall\":\"https:\\\/\\\/r2.storagewhise.eu\\\/storage4663\\\/Pictures\\\/7851463\\\/200\\\/e90e87510d294ce08be425e99f39611d.jpg\",\"urlXXL\":\"https:\\\/\\\/r2.storagewhise.eu\\\/storage4663\\\/Pictures\\\/7851463\\\/1600\\\/e90e87510d294ce08be425e99f39611d.jpg\",\"updateDateTime\":\"2026-09-03T14:52:23.887\"},{\"id\":80272506,\"order\":2,\"orientation\":\"Landscape\",\"urlLarge\":\"https:\\\/\\\/r2.storagewhise.eu\\\/storage4663\\\/Pictures\\\/7851463\\\/640\\\/4b476e749d7849b6afcabae28d47cfab.jpg\",\"urlSmall\":\"https:\\\/\\\/r2.storagewhise.eu\\\/storage4663\\\/Pictures\\\/7851463\\\/200\\\/4b476e749d7849b6afcabae28d47cfab.jpg\",\"urlXXL\":\"https:\\\/\\\/r2.storagewhise.eu\\\/storage4663\\\/Pictures\\\/7851463\\\/1600\\\/4b476e749d7849b6afcabae28d47cfab.jpg\",\"updateDateTime\":\"2026-09-03T14:52:23.887\"},{\"id\":80272502,\"order\":3,\"orientation\":\"Landscape\",\"urlLarge\":\"https:\\\/\\\/r2.storagewhise.eu\\\/storage4663\\\/Pictures\\\/7851463\\\/640\\\/44388414158640d89cf3a7f092771d6e.jpg\",\"urlSmall\":\"https:\\\/\\\/r2.storagewhise.eu\\\/storage4663\\\/Pictures\\\/7851463\\\/200\\\/44388414158640d89cf3a7f092771d6e.jpg\",\"urlXXL\":\"https:\\\/\\\/r2.storagewhise.eu\\\/storage4663\\\/Pictures\\\/7851463\\\/1600\\\/44388414158640d89cf3a7f092771d6e.jpg\",\"updateDateTime\":\"2026-09-03T14:52:23.887\"},{\"id\":80272501,\"order\":4,\"orientation\":\"Landscape\",\"urlLarge\":\"https:\\\/\\\/r2.storagewhise.eu\\\/storage4663\\\/Pictures\\\/7851463\\\/640\\\/5fccd9293e7546dc81d9060467189d0e.jpg\",\"urlSmall\":\"https:\\\/\\\/r2.storagewhise.eu\\\/storage4663\\\/Pictures\\\/7851463\\\/200\\\/5fccd9293e7546dc81d9060467189d0e.jpg\",\"urlXXL\":\"https:\\\/\\\/r2.storagewhise.eu\\\/storage4663\\\/Pictures\\\/7851463\\\/1600\\\/5fccd9293e7546dc81d9060467189d0e.jpg\",\"updateDateTime\":\"2026-09-03T14:52:23.887\"},{\"id\":80272500,\"order\":5,\"orientation\":\"Landscape\",\"urlLarge\":\"https:\\\/\\\/r2.storagewhise.eu\\\/storage4663\\\/Pictures\\\/7851463\\\/640\\\/ebf9c815768845a9ae3c7a0c6c9f026e.jpg\",\"urlSmall\":\"https:\\\/\\\/r2.storagewhise.eu\\\/storage4663\\\/Pictures\\\/7851463\\\/200\\\/ebf9c815768845a9ae3c7a0c6c9f026e.jpg\",\"urlXXL\":\"https:\\\/\\\/r2.storagewhise.eu\\\/storage4663\\\/Pictures\\\/7851463\\\/1600\\\/ebf9c815768845a9ae3c7a0c6c9f026e.jpg\",\"updateDateTime\":\"2026-09-03T14:52:23.887\"},{\"id\":80272499,\"order\":6,\"orientation\":\"Landscape\",\"urlLarge\":\"https:\\\/\\\/r2.storagewhise.eu\\\/storage4663\\\/Pictures\\\/7851463\\\/640\\\/158093be15a8447b8b4b2b9fda006287.jpg\",\"urlSmall\":\"https:\\\/\\\/r2.storagewhise.eu\\\/storage4663\\\/Pictures\\\/7851463\\\/200\\\/158093be15a8447b8b4b2b9fda006287.jpg\",\"urlXXL\":\"https:\\\/\\\/r2.storagewhise.eu\\\/storage4663\\\/Pictures\\\/7851463\\\/1600\\\/158093be15a8447b8b4b2b9fda006287.jpg\",\"updateDateTime\":\"2026-09-03T14:52:23.887\"},{\"id\":80272498,\"order\":7,\"orientation\":\"Landscape\",\"urlLarge\":\"https:\\\/\\\/r2.storagewhise.eu\\\/storage4663\\\/Pictures\\\/7851463\\\/640\\\/a29da9d1da8747e48682dfa1d9d3ca2b.jpg\",\"urlSmall\":\"https:\\\/\\\/r2.storagewhise.eu\\\/storage4663\\\/Pictures\\\/7851463\\\/200\\\/a29da9d1da8747e48682dfa1d9d3ca2b.jpg\",\"urlXXL\":\"https:\\\/\\\/r2.storagewhise.eu\\\/storage4663\\\/Pictures\\\/7851463\\\/1600\\\/a29da9d1da8747e48682dfa1d9d3ca2b.jpg\",\"updateDateTime\":\"2026-09-03T14:52:23.887\"},{\"id\":80272497,\"order\":8,\"orientation\":\"Landscape\",\"urlLarge\":\"https:\\\/\\\/r2.storagewhise.eu\\\/storage4663\\\/Pictures\\\/7851463\\\/640\\\/ace001d7481e4b6a9e91f6592c6b86c9.jpg\",\"urlSmall\":\"https:\\\/\\\/r2.storagewhise.eu\\\/storage4663\\\/Pictures\\\/7851463\\\/200\\\/ace001d7481e4b6a9e91f6592c6b86c9.jpg\",\"urlXXL\":\"https:\\\/\\\/r2.storagewhise.eu\\\/storage4663\\\/Pictures\\\/7851463\\\/1600\\\/ace001d7481e4b6a9e91f6592c6b86c9.jpg\",\"updateDateTime\":\"2026-09-03T14:52:23.887\"},{\"id\":80272496,\"order\":9,\"orientation\":\"Landscape\",\"urlLarge\":\"https:\\\/\\\/r2.storagewhise.eu\\\/storage4663\\\/Pictures\\\/7851463\\\/640\\\/ab52b8133fc748079495d80532e69120.jpg\",\"urlSmall\":\"https:\\\/\\\/r2.storagewhise.eu\\\/storage4663\\\/Pictures\\\/7851463\\\/200\\\/ab52b8133fc748079495d80532e69120.jpg\",\"urlXXL\":\"https:\\\/\\\/r2.storagewhise.eu\\\/storage4663\\\/Pictures\\\/7851463\\\/1600\\\/ab52b8133fc748079495d80532e69120.jpg\",\"updateDateTime\":\"2026-09-03T14:52:23.887\"},{\"id\":80272503,\"order\":10,\"orientation\":\"Landscape\",\"urlLarge\":\"https:\\\/\\\/r2.storagewhise.eu\\\/storage4663\\\/Pictures\\\/7851463\\\/640\\\/969250afa6fb42efb54dc7eeb2e12313.jpg\",\"urlSmall\":\"https:\\\/\\\/r2.storagewhise.eu\\\/storage4663\\\/Pictures\\\/7851463\\\/200\\\/969250afa6fb42efb54dc7eeb2e12313.jpg\",\"urlXXL\":\"https:\\\/\\\/r2.storagewhise.eu\\\/storage4663\\\/Pictures\\\/7851463\\\/1600\\\/969250afa6fb42efb54dc7eeb2e12313.jpg\",\"updateDateTime\":\"2026-09-03T14:52:23.887\"},{\"id\":80272495,\"order\":11,\"orientation\":\"Landscape\",\"urlLarge\":\"https:\\\/\\\/r2.storagewhise.eu\\\/storage4663\\\/Pictures\\\/7851463\\\/640\\\/7e8c8c90185941b0b38866dacec4584b.jpg\",\"urlSmall\":\"https:\\\/\\\/r2.storagewhise.eu\\\/storage4663\\\/Pictures\\\/7851463\\\/200\\\/7e8c8c90185941b0b38866dacec4584b.jpg\",\"urlXXL\":\"https:\\\/\\\/r2.storagewhise.eu\\\/storage4663\\\/Pictures\\\/7851463\\\/1600\\\/7e8c8c90185941b0b38866dacec4584b.jpg\",\"updateDateTime\":\"2026-09-03T14:52:23.887\"}],\"details\":[{\"value\":\"5\",\"id\":15,\"group\":\"Nom, cat\\u00e9gorie & situation\\n\",\"type\":\"int\",\"label\":\"nombre d'\\u00e9tages\"},{\"value\":\"1\",\"id\":20,\"group\":\"B\\u00e2timent\",\"type\":\"yes\\\/no\",\"label\":\"parking int\\u00e9rieur\"},{\"value\":\"0\",\"id\":21,\"group\":\"B\\u00e2timent\",\"type\":\"yes\\\/no\",\"label\":\"parking ext\\u00e9rieur\"},{\"value\":\"1\",\"id\":22,\"group\":\"Equipement de base\",\"type\":\"yes\\\/no\",\"label\":\"acc\\u00e8s handicap\\u00e9s\"},{\"value\":\"1\",\"id\":38,\"group\":\"Equipement de base\",\"type\":\"yes\\\/no\",\"label\":\"cuisine\"},{\"value\":\"1\",\"id\":39,\"group\":\"Divers\",\"type\":\"yes\\\/no\",\"label\":\"buanderie\"},{\"value\":\"3\",\"id\":55,\"group\":\"En chiffres\",\"type\":\"int\",\"label\":\"Nbre de toilette(s)\"},{\"value\":\"23.5\",\"id\":78,\"group\":\"En chiffres\",\"type\":\"surface\",\"label\":\"chambre 1\"},{\"value\":\"14.5\",\"id\":79,\"group\":\"En chiffres\",\"type\":\"surface\",\"label\":\"chambre 2\"},{\"value\":\"13.5\",\"id\":80,\"group\":\"En chiffres\",\"type\":\"surface\",\"label\":\"chambre 3\"},{\"value\":\"300\",\"id\":301,\"group\":\"Charges & Co\\u00fbts\",\"type\":\"price\",\"label\":\"Charges locataire\"},{\"value\":\"0\",\"id\":322,\"group\":\"Equipement ext\\u00e9rieur\",\"type\":\"yes\\\/no\",\"label\":\"piscine\"},{\"value\":\"1\",\"id\":372,\"group\":\"Equipement de base\",\"type\":\"yes\\\/no\",\"label\":\"ascenseur\"},{\"value\":\"1\",\"id\":461,\"group\":\"Equipement de base\",\"type\":\"yes\\\/no\",\"label\":\"double vitrage\"},{\"value\":\"aluminium\",\"enum\":{\"id\":736},\"id\":782,\"group\":\"\\u00c9quipements techniques\",\"type\":\"frame_material\",\"label\":\"ch\\u00e2ssis\"},{\"value\":\"calme\",\"enum\":{\"id\":52},\"id\":795,\"group\":\"Sp\\u00e9cificit\\u00e9s terrain\",\"type\":\"environment\",\"label\":\"Type d'environnement\"},{\"value\":\"7.7\",\"id\":874,\"group\":\"Caract\\u00e9ristiques Principales\",\"type\":\"surface\",\"label\":\"surface de terrasse 1\"},{\"value\":\"1\",\"id\":998,\"group\":\"B\\u00e2timent\",\"type\":\"int\",\"label\":\"Parking(s) int\\u00e9rieur\"},{\"value\":\"56\",\"id\":1009,\"group\":\"En chiffres\",\"type\":\"surface\",\"label\":\" Salle de s\\u00e9jour\"},{\"value\":\"16.2\",\"id\":1011,\"group\":\"En chiffres\",\"type\":\"surface\",\"label\":\"Cuisine\"},{\"value\":\"gaz (chau. centr.)\",\"enum\":{\"id\":659},\"id\":1020,\"group\":\"Equipement de base\",\"type\":\"heating\",\"label\":\"chauffage\"},{\"value\":\"r\\u00e9sidentiel\",\"enum\":{\"id\":77},\"id\":1447,\"group\":\"Sp\\u00e9cificit\\u00e9s terrain\",\"type\":\"environment\",\"label\":\"Type d'environnement 2\"},{\"value\":\"sud\",\"enum\":{\"id\":793},\"id\":1493,\"group\":\"En chiffres\",\"type\":\"orientation\",\"label\":\"orientation de la terrasse 1\"},{\"value\":\"super-\\u00e9quip\\u00e9e\",\"enum\":{\"id\":686},\"id\":1595,\"group\":\"Equipement de base\",\"type\":\"kitchen\",\"label\":\"type de cuisine\"},{\"value\":\"1\",\"id\":1771,\"group\":\"Equipement de base\",\"type\":\"yes\\\/no\",\"label\":\"Videophone\"},{\"value\":\"1\",\"id\":1781,\"group\":\"\\u00c0 proximit\\u00e9\",\"type\":\"yes\\\/no\",\"label\":\"Magasins\"},{\"value\":\"1\",\"id\":1782,\"group\":\"\\u00c0 proximit\\u00e9\",\"type\":\"yes\\\/no\",\"label\":\"Ecoles\"},{\"value\":\"1\",\"id\":1783,\"group\":\"\\u00c0 proximit\\u00e9\",\"type\":\"yes\\\/no\",\"label\":\"Transports en commun\"},{\"value\":\"oui, conforme\",\"enum\":{\"id\":1454},\"id\":1793,\"group\":\"Certificats \\\/ Attestations\",\"type\":\"ElecCertifConformity\",\"label\":\"certificat d'\\u00e9lectricit\\u00e9\"},{\"value\":\"1\",\"id\":1798,\"group\":\"Divers\",\"type\":\"yes\\\/no\",\"label\":\"Cave\"},{\"value\":\"50.8429479\",\"id\":1849,\"group\":\"Nom, cat\\u00e9gorie & situation\\n\",\"type\":\"float\",\"label\":\"x de coordonn\\u00e9es xy\"},{\"value\":\"4.3937472\",\"id\":1850,\"group\":\"Nom, cat\\u00e9gorie & situation\\n\",\"type\":\"float\",\"label\":\"y de coordonn\\u00e9es xy\"},{\"value\":\"Parc du Cinquantenaire \\u2013 Appartement 3ch - meubl\\u00e9\",\"id\":1914,\"group\":\"Titre de l'annonce\",\"type\":\"char\"},{\"value\":\"C\",\"id\":2056,\"group\":\"Certificats \\u00e9nerg\\u00e9tiques\",\"type\":\"char\",\"label\":\"Label PEB\"},{\"value\":\"142\",\"id\":2089,\"group\":\"Certificats \\u00e9nerg\\u00e9tiques\",\"type\":\"float_signed\",\"label\":\"PEB E-SPEC (kwh\\\/m\\u00b2\\\/an)\"},{\"value\":\"28\",\"id\":2090,\"group\":\"Certificats \\u00e9nerg\\u00e9tiques\",\"type\":\"float_signed\",\"label\":\"Emission CO2\"},{\"value\":\"25836\",\"id\":2390,\"group\":\"Certificats \\u00e9nerg\\u00e9tiques\",\"type\":\"char\",\"label\":\"E total\"},{\"value\":\"20260211-0000743432-01-1\",\"id\":2391,\"group\":\"Certificats \\u00e9nerg\\u00e9tiques\",\"type\":\"char\",\"label\":\"PEB code unique\"},{\"value\":\"02\\\/11\\\/2036 00:00\",\"id\":2776,\"group\":\"Certificats \\u00e9nerg\\u00e9tiques\",\"type\":\"datetime\",\"label\":\"PEB valide jusqu'au\"}]}"],"_yre_whise_fieldsig":["{\"_v\":2,\"price\":\"e93028bdc1aacdfb3687181f2031765d\",\"purpose\":\"c81e728d9d4c2f636f067f89cc14862c\",\"category\":\"c81e728d9d4c2f636f067f89cc14862c\",\"subcategory\":\"70efdf2ec9b086079795c442636b55fb\",\"state\":\"c81e728d9d4c2f636f067f89cc14862c\",\"area\":\"4c5bde74a8f110656874902f07378009\",\"groundArea\":\"d41d8cd98f00b204e9800998ecf8427e\",\"rooms\":\"eccbc87e4b5ce2fe28308fd9f2a7baf3\",\"bathRooms\":\"c81e728d9d4c2f636f067f89cc14862c\",\"garages\":\"cfcd208495d565ef66e7dff9f98764da\",\"address\":\"ab09b4d021b062bf413d7ecd5a5d53ba\",\"number\":\"3416a75f4cea9109507cacd8e2f2aefc\",\"box\":\"b99aeb1f6ed83efbe5042fb3a4318cb3\",\"zip\":\"a9b7ba70783b617e9998dc4dd82eb3c5\",\"city\":\"ea23c0d19ba7c6b72dc816abe9faf183\",\"name\":\"6415d3f24ac66c1b8876ea2838273735\",\"title\":\"d41d8cd98f00b204e9800998ecf8427e\",\"shortDescription\":\"5543c3ac78f33fcbe4e97db4f9d4bf66\",\"longDescription\":\"5543c3ac78f33fcbe4e97db4f9d4bf66\",\"epcValue\":\"a8baa56554f96369ab93e4f3bb068c22\",\"epcCategory\":\"4a8a08f09d37b73795649038408b5f33\",\"constructionYear\":\"d41d8cd98f00b204e9800998ecf8427e\",\"referenceNumber\":\"d7cca525eb5e6f127774f6c400eb003f\",\"pictures\":\"a320647a26f18745b200e396ebeab2ab\"}"],"fave_agent_display_option":["agent_info"],"fave_agents":["30119"],"_thumbnail_id":["34178"],"_fave_property_images_csv":["34178,34179,34180,34181,34182,34183,34186,34187,34190,34193,34196,34199"],"_edit_lock":["1788447371:2"],"_edit_last":["2"],"fave_show_price_placeholder":["0"],"fave_property_map_street_view":["hide"],"fave_property_images":["34178","34179","34180","34181","34182","34183","34186","34187","34190","34193","34196","34199"],"fave_single_top_area":["global"],"fave_single_content_area":["global"],"_aioseo_title":[null],"_aioseo_description":[null],"_aioseo_og_title":[""],"_aioseo_og_description":[""],"_aioseo_og_article_section":[""],"_aioseo_twitter_title":[""],"_aioseo_twitter_description":[""],"_aioseo_keywords":["a:0:{}"],"_aioseo_og_article_tags":["a:0:{}"],"cmplz_hide_cookiebanner":[""],"houzez_manual_expire":["0"],"_houzez_expiration_date_status":["saved"],"houzez_total_property_views":["17"],"houzez_views_by_date":["a:2:{s:10:\"09-03-2026\";i:12;s:10:\"09-04-2026\";i:5;}"],"houzez_recently_viewed":["2026-09-04 03:03:00"],"_elementor_page_assets":["a:0:{}"]},"_links":{"self":[{"href":"https:\/\/yourealestate.be\/nl\/wp-json\/wp\/v2\/properties\/34177","targetHints":{"allow":["GET"]}}],"collection":[{"href":"https:\/\/yourealestate.be\/nl\/wp-json\/wp\/v2\/properties"}],"about":[{"href":"https:\/\/yourealestate.be\/nl\/wp-json\/wp\/v2\/types\/property"}],"author":[{"embeddable":true,"href":"https:\/\/yourealestate.be\/nl\/wp-json\/wp\/v2\/users\/2"}],"version-history":[{"count":1,"href":"https:\/\/yourealestate.be\/nl\/wp-json\/wp\/v2\/properties\/34177\/revisions"}],"predecessor-version":[{"id":34201,"href":"https:\/\/yourealestate.be\/nl\/wp-json\/wp\/v2\/properties\/34177\/revisions\/34201"}],"wp:featuredmedia":[{"embeddable":true,"href":"https:\/\/yourealestate.be\/nl\/wp-json\/wp\/v2\/media\/34178"}],"wp:attachment":[{"href":"https:\/\/yourealestate.be\/nl\/wp-json\/wp\/v2\/media?parent=34177"}],"wp:term":[{"taxonomy":"property_type","embeddable":true,"href":"https:\/\/yourealestate.be\/nl\/wp-json\/wp\/v2\/property_type?post=34177"},{"taxonomy":"property_status","embeddable":true,"href":"https:\/\/yourealestate.be\/nl\/wp-json\/wp\/v2\/property_status?post=34177"},{"taxonomy":"property_feature","embeddable":true,"href":"https:\/\/yourealestate.be\/nl\/wp-json\/wp\/v2\/property_feature?post=34177"},{"taxonomy":"property_label","embeddable":true,"href":"https:\/\/yourealestate.be\/nl\/wp-json\/wp\/v2\/property_label?post=34177"},{"taxonomy":"property_state","embeddable":true,"href":"https:\/\/yourealestate.be\/nl\/wp-json\/wp\/v2\/property_state?post=34177"},{"taxonomy":"property_city","embeddable":true,"href":"https:\/\/yourealestate.be\/nl\/wp-json\/wp\/v2\/property_city?post=34177"},{"taxonomy":"property_area","embeddable":true,"href":"https:\/\/yourealestate.be\/nl\/wp-json\/wp\/v2\/property_area?post=34177"}],"curies":[{"name":"wp","href":"https:\/\/api.w.org\/{rel}","templated":true}]}}